{"id":180,"date":"2020-11-04T10:28:43","date_gmt":"2020-11-04T10:28:43","guid":{"rendered":"http:\/\/toestersaenger.de\/?page_id=180"},"modified":"2024-01-17T11:06:44","modified_gmt":"2024-01-17T11:06:44","slug":"fotogalerie","status":"publish","type":"page","link":"https:\/\/toestersaenger.de\/?page_id=180","title":{"rendered":"Fotogalerie"},"content":{"rendered":"\n<p class=\"has-text-align-center\"><strong><span style=\"text-decoration: underline;\"><mark style=\"background-color:rgba(0, 0, 0, 0);color:#2e2fd1\" class=\"has-inline-color\">Hier finden Sie Fotos und Informationen zu unserem Verein.<\/mark><\/span><\/strong><\/p>\n\n\n\n<p class=\"has-text-align-center\"><mark style=\"background-color:rgba(0, 0, 0, 0)\" class=\"has-inline-color has-vivid-red-color\"><strong><kbd>Die T\u00f6ster S\u00e4nger haben seit dem 1. April 2023 eine neue Chorleitung und im Vorstand wieder einen neuen Schriftf\u00fchrer <\/kbd><\/strong><\/mark><mark><mark style=\"background-color:rgba(0, 0, 0, 0)\" class=\"has-inline-color has-vivid-red-color\"><strong><br><\/strong><\/mark><strong><mark style=\"background-color:rgba(0, 0, 0, 0)\" class=\"has-inline-color has-black-color\">(Lothar Schlaack 1.Vors., Koos Lockhorst Kassenwart, Mark Naujoks Schriftf\u00fchrer, Ralf Lehnert Chorleiter, KLaus-Henning Becker 2.Vors.)<\/mark><\/strong><\/mark><\/p>\n\n\n<div class=\"wp-block-image\">\n<figure class=\"aligncenter size-full is-resized\"><img loading=\"lazy\" decoding=\"async\" src=\"http:\/\/toestersaenger.de\/wp-content\/uploads\/2023\/05\/Neuer-Vorstand-mit-neuer-Chorleitung-27.04.2023-1.jpg\" alt=\"\" class=\"wp-image-800\" width=\"402\" height=\"302\" srcset=\"https:\/\/toestersaenger.de\/wp-content\/uploads\/2023\/05\/Neuer-Vorstand-mit-neuer-Chorleitung-27.04.2023-1.jpg 1024w, https:\/\/toestersaenger.de\/wp-content\/uploads\/2023\/05\/Neuer-Vorstand-mit-neuer-Chorleitung-27.04.2023-1-300x225.jpg 300w, https:\/\/toestersaenger.de\/wp-content\/uploads\/2023\/05\/Neuer-Vorstand-mit-neuer-Chorleitung-27.04.2023-1-768x576.jpg 768w, https:\/\/toestersaenger.de\/wp-content\/uploads\/2023\/05\/Neuer-Vorstand-mit-neuer-Chorleitung-27.04.2023-1-555x416.jpg 555w\" sizes=\"auto, (max-width: 402px) 100vw, 402px\" \/><\/figure>\n<\/div>\n\n\n<h4 class=\"has-text-align-center wp-block-heading\"><mark style=\"background-color:rgba(0, 0, 0, 0)\" class=\"has-inline-color has-vivid-red-color\">Auftritt der T\u00f6ster S\u00e4nger beim Bezirkschorfest des          Chorbezirkes Buchholz\/Nordheide auf dem Hof Oelkers in     Wenzendorf am 18.September 2022<\/mark><\/h4>\n\n\n<div class=\"wp-block-image\">\n<figure class=\"aligncenter size-large is-resized\"><img loading=\"lazy\" decoding=\"async\" src=\"http:\/\/toestersaenger.de\/wp-content\/uploads\/2022\/09\/IMG_0365-1024x683.jpg\" alt=\"\" class=\"wp-image-754\" width=\"299\" height=\"199\" srcset=\"https:\/\/toestersaenger.de\/wp-content\/uploads\/2022\/09\/IMG_0365-1024x683.jpg 1024w, https:\/\/toestersaenger.de\/wp-content\/uploads\/2022\/09\/IMG_0365-300x200.jpg 300w, https:\/\/toestersaenger.de\/wp-content\/uploads\/2022\/09\/IMG_0365-768x512.jpg 768w, https:\/\/toestersaenger.de\/wp-content\/uploads\/2022\/09\/IMG_0365-1536x1024.jpg 1536w, https:\/\/toestersaenger.de\/wp-content\/uploads\/2022\/09\/IMG_0365-2048x1365.jpg 2048w, https:\/\/toestersaenger.de\/wp-content\/uploads\/2022\/09\/IMG_0365-555x370.jpg 555w\" sizes=\"auto, (max-width: 299px) 100vw, 299px\" \/><\/figure>\n<\/div>\n\n<div class=\"wp-block-image\">\n<figure class=\"aligncenter size-large is-resized\"><img loading=\"lazy\" decoding=\"async\" src=\"http:\/\/toestersaenger.de\/wp-content\/uploads\/2022\/10\/IMG_0408-1024x683.jpg\" alt=\"\" class=\"wp-image-767\" width=\"294\" height=\"196\" srcset=\"https:\/\/toestersaenger.de\/wp-content\/uploads\/2022\/10\/IMG_0408-1024x683.jpg 1024w, https:\/\/toestersaenger.de\/wp-content\/uploads\/2022\/10\/IMG_0408-300x200.jpg 300w, https:\/\/toestersaenger.de\/wp-content\/uploads\/2022\/10\/IMG_0408-768x512.jpg 768w, https:\/\/toestersaenger.de\/wp-content\/uploads\/2022\/10\/IMG_0408-1536x1024.jpg 1536w, https:\/\/toestersaenger.de\/wp-content\/uploads\/2022\/10\/IMG_0408-2048x1365.jpg 2048w, https:\/\/toestersaenger.de\/wp-content\/uploads\/2022\/10\/IMG_0408-555x370.jpg 555w\" sizes=\"auto, (max-width: 294px) 100vw, 294px\" \/><\/figure>\n<\/div>\n\n<div class=\"wp-block-image\">\n<figure class=\"aligncenter size-large is-resized\"><img loading=\"lazy\" decoding=\"async\" src=\"http:\/\/toestersaenger.de\/wp-content\/uploads\/2022\/09\/IMG_1209-1024x683.jpg\" alt=\"\" class=\"wp-image-755\" width=\"297\" height=\"198\" srcset=\"https:\/\/toestersaenger.de\/wp-content\/uploads\/2022\/09\/IMG_1209-1024x683.jpg 1024w, https:\/\/toestersaenger.de\/wp-content\/uploads\/2022\/09\/IMG_1209-300x200.jpg 300w, https:\/\/toestersaenger.de\/wp-content\/uploads\/2022\/09\/IMG_1209-768x512.jpg 768w, https:\/\/toestersaenger.de\/wp-content\/uploads\/2022\/09\/IMG_1209-1536x1024.jpg 1536w, https:\/\/toestersaenger.de\/wp-content\/uploads\/2022\/09\/IMG_1209-2048x1365.jpg 2048w, https:\/\/toestersaenger.de\/wp-content\/uploads\/2022\/09\/IMG_1209-555x370.jpg 555w\" sizes=\"auto, (max-width: 297px) 100vw, 297px\" \/><\/figure>\n<\/div>\n\n<div class=\"wp-block-image\">\n<figure class=\"aligncenter size-large is-resized\"><img loading=\"lazy\" decoding=\"async\" src=\"http:\/\/toestersaenger.de\/wp-content\/uploads\/2022\/09\/IMG_1231-1024x683.jpg\" alt=\"\" class=\"wp-image-756\" width=\"296\" height=\"197\" srcset=\"https:\/\/toestersaenger.de\/wp-content\/uploads\/2022\/09\/IMG_1231-1024x683.jpg 1024w, https:\/\/toestersaenger.de\/wp-content\/uploads\/2022\/09\/IMG_1231-300x200.jpg 300w, https:\/\/toestersaenger.de\/wp-content\/uploads\/2022\/09\/IMG_1231-768x512.jpg 768w, https:\/\/toestersaenger.de\/wp-content\/uploads\/2022\/09\/IMG_1231-1536x1024.jpg 1536w, https:\/\/toestersaenger.de\/wp-content\/uploads\/2022\/09\/IMG_1231-2048x1365.jpg 2048w, https:\/\/toestersaenger.de\/wp-content\/uploads\/2022\/09\/IMG_1231-555x370.jpg 555w\" sizes=\"auto, (max-width: 296px) 100vw, 296px\" \/><\/figure>\n<\/div>\n\n\n<h5 class=\"has-text-align-center wp-block-heading\"><mark style=\"background-color:rgba(0, 0, 0, 0)\" class=\"has-inline-color has-vivid-red-color\"><span style=\"text-decoration: underline;\">Die T\u00f6ster S\u00e4nger beim Bosseln in Gro\u00df Todtshorn September 2021.<\/span><\/mark><\/h5>\n\n\n<div class=\"wp-block-image\">\n<figure class=\"alignleft size-large is-resized\"><img loading=\"lazy\" decoding=\"async\" src=\"http:\/\/toestersaenger.de\/wp-content\/uploads\/2021\/10\/IMG-20210919-WA0000.jpg\" alt=\"\" class=\"wp-image-651\" width=\"272\" height=\"204\" srcset=\"https:\/\/toestersaenger.de\/wp-content\/uploads\/2021\/10\/IMG-20210919-WA0000.jpg 1024w, https:\/\/toestersaenger.de\/wp-content\/uploads\/2021\/10\/IMG-20210919-WA0000-300x225.jpg 300w, https:\/\/toestersaenger.de\/wp-content\/uploads\/2021\/10\/IMG-20210919-WA0000-768x576.jpg 768w, https:\/\/toestersaenger.de\/wp-content\/uploads\/2021\/10\/IMG-20210919-WA0000-555x416.jpg 555w\" sizes=\"auto, (max-width: 272px) 100vw, 272px\" \/><\/figure>\n<\/div>\n\n<div class=\"wp-block-image\">\n<figure class=\"alignright size-large is-resized\"><img loading=\"lazy\" decoding=\"async\" src=\"http:\/\/toestersaenger.de\/wp-content\/uploads\/2021\/10\/IMG-20210919-WA0010-1.jpg\" alt=\"\" class=\"wp-image-654\" width=\"269\" height=\"202\" srcset=\"https:\/\/toestersaenger.de\/wp-content\/uploads\/2021\/10\/IMG-20210919-WA0010-1.jpg 1024w, https:\/\/toestersaenger.de\/wp-content\/uploads\/2021\/10\/IMG-20210919-WA0010-1-300x225.jpg 300w, https:\/\/toestersaenger.de\/wp-content\/uploads\/2021\/10\/IMG-20210919-WA0010-1-768x576.jpg 768w, https:\/\/toestersaenger.de\/wp-content\/uploads\/2021\/10\/IMG-20210919-WA0010-1-555x416.jpg 555w\" sizes=\"auto, (max-width: 269px) 100vw, 269px\" \/><\/figure>\n<\/div>\n\n\n<figure class=\"wp-block-image size-large is-resized\"><img loading=\"lazy\" decoding=\"async\" src=\"http:\/\/toestersaenger.de\/wp-content\/uploads\/2021\/10\/IMG-20210919-WA0007-1.jpg\" alt=\"\" class=\"wp-image-655\" width=\"266\" height=\"199\" srcset=\"https:\/\/toestersaenger.de\/wp-content\/uploads\/2021\/10\/IMG-20210919-WA0007-1.jpg 1024w, https:\/\/toestersaenger.de\/wp-content\/uploads\/2021\/10\/IMG-20210919-WA0007-1-300x225.jpg 300w, https:\/\/toestersaenger.de\/wp-content\/uploads\/2021\/10\/IMG-20210919-WA0007-1-768x576.jpg 768w, https:\/\/toestersaenger.de\/wp-content\/uploads\/2021\/10\/IMG-20210919-WA0007-1-555x416.jpg 555w\" sizes=\"auto, (max-width: 266px) 100vw, 266px\" \/><\/figure>\n\n\n\n<figure class=\"wp-block-image size-large is-resized\"><img loading=\"lazy\" decoding=\"async\" src=\"http:\/\/toestersaenger.de\/wp-content\/uploads\/2021\/10\/IMG-20210919-WA0002.jpg\" alt=\"\" class=\"wp-image-656\" width=\"263\" height=\"197\" srcset=\"https:\/\/toestersaenger.de\/wp-content\/uploads\/2021\/10\/IMG-20210919-WA0002.jpg 1024w, https:\/\/toestersaenger.de\/wp-content\/uploads\/2021\/10\/IMG-20210919-WA0002-300x225.jpg 300w, https:\/\/toestersaenger.de\/wp-content\/uploads\/2021\/10\/IMG-20210919-WA0002-768x576.jpg 768w, https:\/\/toestersaenger.de\/wp-content\/uploads\/2021\/10\/IMG-20210919-WA0002-555x416.jpg 555w\" sizes=\"auto, (max-width: 263px) 100vw, 263px\" \/><\/figure>\n\n\n<div class=\"wp-block-image\">\n<figure class=\"aligncenter size-large is-resized\"><img loading=\"lazy\" decoding=\"async\" src=\"http:\/\/toestersaenger.de\/wp-content\/uploads\/2021\/10\/IMG-20210919-WA0009.jpg\" alt=\"\" class=\"wp-image-657\" width=\"252\" height=\"335\" srcset=\"https:\/\/toestersaenger.de\/wp-content\/uploads\/2021\/10\/IMG-20210919-WA0009.jpg 768w, https:\/\/toestersaenger.de\/wp-content\/uploads\/2021\/10\/IMG-20210919-WA0009-225x300.jpg 225w, https:\/\/toestersaenger.de\/wp-content\/uploads\/2021\/10\/IMG-20210919-WA0009-555x740.jpg 555w\" sizes=\"auto, (max-width: 252px) 100vw, 252px\" \/><\/figure>\n<\/div>\n\n\n<p class=\"has-text-align-center\"><span style=\"text-decoration: underline;\"><span class=\"has-inline-color has-vivid-red-color\"><strong>Die T\u00f6ster S\u00e4nger sind 2021 umgezogen!<\/strong><\/span><\/span> <\/p>\n\n\n\n<p class=\"has-text-align-center\"><strong><span style=\"color:#3d00a3\" class=\"has-inline-color\">&#8222;Hurra! Wir singen wieder!&#8220;<\/span><\/strong><\/p>\n\n\n\n<figure class=\"wp-block-image size-large is-resized\"><img loading=\"lazy\" decoding=\"async\" src=\"http:\/\/toestersaenger.de\/wp-content\/uploads\/2021\/07\/1.Chorprobe-TS-im-Herbergsverein-Tostedt-1.7.2021-mit-Quelle-1024x724.jpg\" alt=\"\" class=\"wp-image-628\" width=\"555\" height=\"392\" srcset=\"https:\/\/toestersaenger.de\/wp-content\/uploads\/2021\/07\/1.Chorprobe-TS-im-Herbergsverein-Tostedt-1.7.2021-mit-Quelle-1024x724.jpg 1024w, https:\/\/toestersaenger.de\/wp-content\/uploads\/2021\/07\/1.Chorprobe-TS-im-Herbergsverein-Tostedt-1.7.2021-mit-Quelle-300x212.jpg 300w, https:\/\/toestersaenger.de\/wp-content\/uploads\/2021\/07\/1.Chorprobe-TS-im-Herbergsverein-Tostedt-1.7.2021-mit-Quelle-768x543.jpg 768w, https:\/\/toestersaenger.de\/wp-content\/uploads\/2021\/07\/1.Chorprobe-TS-im-Herbergsverein-Tostedt-1.7.2021-mit-Quelle-1536x1086.jpg 1536w, https:\/\/toestersaenger.de\/wp-content\/uploads\/2021\/07\/1.Chorprobe-TS-im-Herbergsverein-Tostedt-1.7.2021-mit-Quelle-2048x1448.jpg 2048w, https:\/\/toestersaenger.de\/wp-content\/uploads\/2021\/07\/1.Chorprobe-TS-im-Herbergsverein-Tostedt-1.7.2021-mit-Quelle-555x392.jpg 555w\" sizes=\"auto, (max-width: 555px) 100vw, 555px\" \/><figcaption><span style=\"text-decoration: underline;\"><strong>Die T\u00f6ster S\u00e4nger nach ihrer<span class=\"has-inline-color has-vivid-red-color\"> 1. Chorprobe am 1. Juli vor ihrem neuen Proberaum <\/span>beim Herbergsverein Tostedt!<\/strong><\/span><\/figcaption><\/figure>\n\n\n\n<p class=\"has-text-align-center\"><\/p>\n\n\n\n<figure class=\"wp-block-image size-large\"><img loading=\"lazy\" decoding=\"async\" width=\"1024\" height=\"736\" src=\"http:\/\/toestersaenger.de\/wp-content\/uploads\/2021\/07\/Umzug-Vereinsfahen-in-Turnhalle-Poststr.-8.7.21-1024x736.png\" alt=\"\" class=\"wp-image-635\" srcset=\"https:\/\/toestersaenger.de\/wp-content\/uploads\/2021\/07\/Umzug-Vereinsfahen-in-Turnhalle-Poststr.-8.7.21-1024x736.png 1024w, https:\/\/toestersaenger.de\/wp-content\/uploads\/2021\/07\/Umzug-Vereinsfahen-in-Turnhalle-Poststr.-8.7.21-300x216.png 300w, https:\/\/toestersaenger.de\/wp-content\/uploads\/2021\/07\/Umzug-Vereinsfahen-in-Turnhalle-Poststr.-8.7.21-768x552.png 768w, https:\/\/toestersaenger.de\/wp-content\/uploads\/2021\/07\/Umzug-Vereinsfahen-in-Turnhalle-Poststr.-8.7.21-1536x1105.png 1536w, https:\/\/toestersaenger.de\/wp-content\/uploads\/2021\/07\/Umzug-Vereinsfahen-in-Turnhalle-Poststr.-8.7.21-2048x1473.png 2048w, https:\/\/toestersaenger.de\/wp-content\/uploads\/2021\/07\/Umzug-Vereinsfahen-in-Turnhalle-Poststr.-8.7.21-555x399.png 555w\" sizes=\"auto, (max-width: 1024px) 100vw, 1024px\" \/><figcaption><strong>Die <span style=\"text-decoration: underline;\"><span class=\"has-inline-color has-vivid-red-color\">Vereinsfahnen der T\u00f6ster S\u00e4nger<\/span> <\/span>nach ihrem Umzug in den <span style=\"color:#000aa3\" class=\"has-inline-color\">VIP-Raum der Turnhalle an der Grundschule in der Poststra\u00dfe in Tostedt!<\/span><\/strong><\/figcaption><\/figure>\n\n\n\n<p class=\"has-text-align-center\"><span style=\"text-decoration: underline;\">Die <strong><span class=\"has-inline-color has-vivid-red-color\">T\u00f6ster S\u00e4nger<\/span><\/strong> gemeinsam mit der <strong><span class=\"has-inline-color has-vivid-red-color\">Musikvereinigung Tostedt und den Heiderosen aus Dohren<\/span><\/strong> w\u00e4hrend ihres gemeinsamen Konzertes in der Grundschule Tostedt im Rahmen der <strong><span class=\"has-inline-color has-vivid-red-color\">T\u00f6ster Kulturtage 2019<\/span><\/strong><\/span><\/p>\n\n\n\n<figure class=\"wp-block-image size-large is-resized\"><img loading=\"lazy\" decoding=\"async\" src=\"http:\/\/toestersaenger.de\/wp-content\/uploads\/2020\/11\/grafik-112.png\" alt=\"\" class=\"wp-image-363\" width=\"255\" height=\"191\" srcset=\"https:\/\/toestersaenger.de\/wp-content\/uploads\/2020\/11\/grafik-112.png 605w, https:\/\/toestersaenger.de\/wp-content\/uploads\/2020\/11\/grafik-112-300x225.png 300w, https:\/\/toestersaenger.de\/wp-content\/uploads\/2020\/11\/grafik-112-555x416.png 555w\" sizes=\"auto, (max-width: 255px) 100vw, 255px\" \/><\/figure>\n\n\n<div class=\"wp-block-image\">\n<figure class=\"alignright size-large is-resized\"><img loading=\"lazy\" decoding=\"async\" src=\"http:\/\/toestersaenger.de\/wp-content\/uploads\/2020\/11\/grafik-113.png\" alt=\"\" class=\"wp-image-364\" width=\"256\" height=\"192\" srcset=\"https:\/\/toestersaenger.de\/wp-content\/uploads\/2020\/11\/grafik-113.png 605w, https:\/\/toestersaenger.de\/wp-content\/uploads\/2020\/11\/grafik-113-300x225.png 300w, https:\/\/toestersaenger.de\/wp-content\/uploads\/2020\/11\/grafik-113-555x416.png 555w\" sizes=\"auto, (max-width: 256px) 100vw, 256px\" \/><\/figure>\n<\/div>\n\n<div class=\"wp-block-image\">\n<figure class=\"alignleft size-large is-resized\"><img loading=\"lazy\" decoding=\"async\" src=\"http:\/\/toestersaenger.de\/wp-content\/uploads\/2020\/11\/grafik-111.png\" alt=\"\" class=\"wp-image-362\" width=\"256\" height=\"192\" srcset=\"https:\/\/toestersaenger.de\/wp-content\/uploads\/2020\/11\/grafik-111.png 605w, https:\/\/toestersaenger.de\/wp-content\/uploads\/2020\/11\/grafik-111-300x225.png 300w, https:\/\/toestersaenger.de\/wp-content\/uploads\/2020\/11\/grafik-111-555x416.png 555w\" sizes=\"auto, (max-width: 256px) 100vw, 256px\" \/><\/figure>\n<\/div>\n\n<div class=\"wp-block-image\">\n<figure class=\"alignleft size-large is-resized\"><img loading=\"lazy\" decoding=\"async\" src=\"http:\/\/toestersaenger.de\/wp-content\/uploads\/2020\/11\/grafik-114.png\" alt=\"\" class=\"wp-image-365\" width=\"257\" height=\"193\" srcset=\"https:\/\/toestersaenger.de\/wp-content\/uploads\/2020\/11\/grafik-114.png 605w, https:\/\/toestersaenger.de\/wp-content\/uploads\/2020\/11\/grafik-114-300x225.png 300w, https:\/\/toestersaenger.de\/wp-content\/uploads\/2020\/11\/grafik-114-555x416.png 555w\" sizes=\"auto, (max-width: 257px) 100vw, 257px\" \/><\/figure>\n<\/div>\n\n<div class=\"wp-block-image\">\n<figure class=\"alignright size-large is-resized\"><img loading=\"lazy\" decoding=\"async\" src=\"http:\/\/toestersaenger.de\/wp-content\/uploads\/2020\/11\/grafik-115.png\" alt=\"\" class=\"wp-image-366\" width=\"260\" height=\"195\" srcset=\"https:\/\/toestersaenger.de\/wp-content\/uploads\/2020\/11\/grafik-115.png 605w, https:\/\/toestersaenger.de\/wp-content\/uploads\/2020\/11\/grafik-115-300x225.png 300w, https:\/\/toestersaenger.de\/wp-content\/uploads\/2020\/11\/grafik-115-555x416.png 555w\" sizes=\"auto, (max-width: 260px) 100vw, 260px\" \/><\/figure>\n<\/div>\n\n\n<figure class=\"wp-block-image size-large is-resized\"><img loading=\"lazy\" decoding=\"async\" src=\"http:\/\/toestersaenger.de\/wp-content\/uploads\/2020\/11\/grafik-116.png\" alt=\"\" class=\"wp-image-367\" width=\"259\" height=\"194\" srcset=\"https:\/\/toestersaenger.de\/wp-content\/uploads\/2020\/11\/grafik-116.png 605w, https:\/\/toestersaenger.de\/wp-content\/uploads\/2020\/11\/grafik-116-300x225.png 300w, https:\/\/toestersaenger.de\/wp-content\/uploads\/2020\/11\/grafik-116-555x416.png 555w\" sizes=\"auto, (max-width: 259px) 100vw, 259px\" \/><\/figure>\n\n\n\n<p><\/p>\n\n\n\n<p><\/p>\n\n\n\n<p><\/p>\n\n\n\n<p class=\"has-text-align-center\"><span style=\"text-decoration: underline;\">Die T\u00f6ster S\u00e4nger bei ihrem <strong><span class=\"has-inline-color has-vivid-red-color\">Himmelfahrtausflug ins Chocoversum <\/span><\/strong>Hamburg am 30.Mai 2019<\/span><\/p>\n\n\n<div class=\"wp-block-image\">\n<figure class=\"alignleft size-large is-resized\"><img loading=\"lazy\" decoding=\"async\" src=\"http:\/\/toestersaenger.de\/wp-content\/uploads\/2020\/11\/grafik-124.png\" alt=\"\" class=\"wp-image-387\" width=\"245\" height=\"184\" srcset=\"https:\/\/toestersaenger.de\/wp-content\/uploads\/2020\/11\/grafik-124.png 605w, https:\/\/toestersaenger.de\/wp-content\/uploads\/2020\/11\/grafik-124-300x225.png 300w, https:\/\/toestersaenger.de\/wp-content\/uploads\/2020\/11\/grafik-124-555x416.png 555w\" sizes=\"auto, (max-width: 245px) 100vw, 245px\" \/><\/figure>\n<\/div>\n\n\n<figure class=\"wp-block-image size-large is-resized\"><img loading=\"lazy\" decoding=\"async\" src=\"http:\/\/toestersaenger.de\/wp-content\/uploads\/2020\/11\/grafik-126.png\" alt=\"\" class=\"wp-image-389\" width=\"283\" height=\"212\" srcset=\"https:\/\/toestersaenger.de\/wp-content\/uploads\/2020\/11\/grafik-126.png 605w, https:\/\/toestersaenger.de\/wp-content\/uploads\/2020\/11\/grafik-126-300x225.png 300w, https:\/\/toestersaenger.de\/wp-content\/uploads\/2020\/11\/grafik-126-555x416.png 555w\" sizes=\"auto, (max-width: 283px) 100vw, 283px\" \/><\/figure>\n\n\n<div class=\"wp-block-image\">\n<figure class=\"aligncenter size-large is-resized\"><img loading=\"lazy\" decoding=\"async\" src=\"http:\/\/toestersaenger.de\/wp-content\/uploads\/2020\/11\/grafik-125.png\" alt=\"\" class=\"wp-image-388\" width=\"278\" height=\"209\" srcset=\"https:\/\/toestersaenger.de\/wp-content\/uploads\/2020\/11\/grafik-125.png 605w, https:\/\/toestersaenger.de\/wp-content\/uploads\/2020\/11\/grafik-125-300x225.png 300w, https:\/\/toestersaenger.de\/wp-content\/uploads\/2020\/11\/grafik-125-555x416.png 555w\" sizes=\"auto, (max-width: 278px) 100vw, 278px\" \/><\/figure>\n<\/div>\n\n\n<p class=\"has-text-align-center\"><span style=\"text-decoration: underline;\">Die T\u00f6ster S\u00e4nger beim <span class=\"has-inline-color has-vivid-red-color\">Singen zum Volkstrauertag 2018<\/span> in der ev. Johanneskirche Tostedt.<\/span><\/p>\n\n\n<div class=\"wp-block-image\">\n<figure class=\"aligncenter size-large is-resized\"><img loading=\"lazy\" decoding=\"async\" src=\"http:\/\/toestersaenger.de\/wp-content\/uploads\/2020\/11\/grafik-117.png\" alt=\"\" class=\"wp-image-370\" width=\"323\" height=\"215\" srcset=\"https:\/\/toestersaenger.de\/wp-content\/uploads\/2020\/11\/grafik-117.png 605w, https:\/\/toestersaenger.de\/wp-content\/uploads\/2020\/11\/grafik-117-300x200.png 300w, https:\/\/toestersaenger.de\/wp-content\/uploads\/2020\/11\/grafik-117-555x370.png 555w\" sizes=\"auto, (max-width: 323px) 100vw, 323px\" \/><\/figure>\n<\/div>\n\n\n<p class=\"has-text-align-center\"><span style=\"text-decoration: underline;\">Ausfahrt der T\u00f6ster S\u00e4nger mit ihren Frauen nach <strong><span class=\"has-inline-color has-vivid-red-color\">Ratzeburg<\/span> <\/strong><\/span>             <span style=\"text-decoration: underline;\">vom 22.-24. Juni 2018<\/span><\/p>\n\n\n\n<p><\/p>\n\n\n<div class=\"wp-block-image\">\n<figure class=\"alignleft size-large is-resized\"><img loading=\"lazy\" decoding=\"async\" src=\"http:\/\/toestersaenger.de\/wp-content\/uploads\/2020\/11\/grafik-98.png\" alt=\"\" class=\"wp-image-320\" width=\"228\" height=\"190\"\/><figcaption>.-.<\/figcaption><\/figure>\n<\/div>\n\n<div class=\"wp-block-image\">\n<figure class=\"aligncenter size-large is-resized\"><img loading=\"lazy\" decoding=\"async\" src=\"http:\/\/toestersaenger.de\/wp-content\/uploads\/2020\/11\/grafik-97.png\" alt=\"\" class=\"wp-image-319\" width=\"254\" height=\"190\"\/><\/figure>\n<\/div>\n\n<div class=\"wp-block-image\">\n<figure class=\"alignright size-large\"><img loading=\"lazy\" decoding=\"async\" width=\"239\" height=\"179\" src=\"http:\/\/toestersaenger.de\/wp-content\/uploads\/2020\/11\/grafik-99.png\" alt=\"\" class=\"wp-image-321\"\/><\/figure>\n<\/div>\n\n<div class=\"wp-block-image\">\n<figure class=\"aligncenter size-large is-resized\"><img loading=\"lazy\" decoding=\"async\" src=\"http:\/\/toestersaenger.de\/wp-content\/uploads\/2020\/11\/P1070429.jpg\" alt=\"\" class=\"wp-image-454\" width=\"243\" height=\"182\" srcset=\"https:\/\/toestersaenger.de\/wp-content\/uploads\/2020\/11\/P1070429.jpg 448w, https:\/\/toestersaenger.de\/wp-content\/uploads\/2020\/11\/P1070429-300x225.jpg 300w\" sizes=\"auto, (max-width: 243px) 100vw, 243px\" \/><\/figure>\n<\/div>\n\n\n<p class=\"has-text-align-center has-vivid-red-color has-text-color\"><span style=\"text-decoration: underline;\"><strong>Die T\u00f6ster S\u00e4nger auf ihrem 160. Jubil\u00e4um der Vereinsgr\u00fcndung am 11. Juni 2017 in der Sch\u00fctzenhalle in Tostedt.<\/strong><\/span><\/p>\n\n\n\n<figure class=\"wp-block-image size-medium is-resized\"><img loading=\"lazy\" decoding=\"async\" src=\"http:\/\/toestersaenger.de\/wp-content\/uploads\/2022\/04\/P6110006-1-300x225.jpg\" alt=\"\" class=\"wp-image-729\" width=\"293\" height=\"220\" srcset=\"https:\/\/toestersaenger.de\/wp-content\/uploads\/2022\/04\/P6110006-1-300x225.jpg 300w, https:\/\/toestersaenger.de\/wp-content\/uploads\/2022\/04\/P6110006-1-1024x768.jpg 1024w, https:\/\/toestersaenger.de\/wp-content\/uploads\/2022\/04\/P6110006-1-768x576.jpg 768w, https:\/\/toestersaenger.de\/wp-content\/uploads\/2022\/04\/P6110006-1-1536x1152.jpg 1536w, https:\/\/toestersaenger.de\/wp-content\/uploads\/2022\/04\/P6110006-1-2048x1536.jpg 2048w, https:\/\/toestersaenger.de\/wp-content\/uploads\/2022\/04\/P6110006-1-555x416.jpg 555w\" sizes=\"auto, (max-width: 293px) 100vw, 293px\" \/><\/figure>\n\n\n\n<figure class=\"wp-block-image size-full is-resized\"><img loading=\"lazy\" decoding=\"async\" src=\"http:\/\/toestersaenger.de\/wp-content\/uploads\/2022\/04\/P6110020-1-scaled.jpg\" alt=\"\" class=\"wp-image-730\" width=\"297\" height=\"237\"\/><\/figure>\n\n\n\n<p class=\"has-text-align-center\"><span style=\"text-decoration: underline;\"><strong><span class=\"has-inline-color has-vivid-red-color\">Adventssingen 2017<\/span><\/strong> der T\u00f6ster S\u00e4nger mit dem Bl\u00e4serquintett der Estetaler Musikanten in der ev. Johanneskirche in Tostedt<\/span><\/p>\n\n\n<div class=\"wp-block-image\">\n<figure class=\"alignleft is-resized\"><img loading=\"lazy\" decoding=\"async\" src=\"http:\/\/toestersaenger.de\/wp-content\/uploads\/2020\/11\/grafik-101.png\" alt=\"Dieses Bild hat ein leeres Alt-Attribut. Der Dateiname ist grafik-101.png\" width=\"251\" height=\"167\"\/><\/figure>\n<\/div>\n\n<div class=\"wp-block-image\">\n<figure class=\"aligncenter is-resized\"><img loading=\"lazy\" decoding=\"async\" src=\"http:\/\/toestersaenger.de\/wp-content\/uploads\/2020\/11\/grafik-102.png\" alt=\"Dieses Bild hat ein leeres Alt-Attribut. Der Dateiname ist grafik-102.png\" width=\"253\" height=\"169\"\/><\/figure>\n<\/div>\n\n\n<p class=\"has-text-align-center\"><span style=\"text-decoration: underline;\"><strong><span class=\"has-inline-color has-vivid-red-color\">Himmelfahrtausflug 2017 <\/span><\/strong>der T\u00f6ster S\u00e4nger nach Buxtehude<\/span><\/p>\n\n\n<div class=\"wp-block-image\">\n<figure class=\"alignleft size-large is-resized\"><img loading=\"lazy\" decoding=\"async\" src=\"http:\/\/toestersaenger.de\/wp-content\/uploads\/2020\/11\/grafik-103.png\" alt=\"\" class=\"wp-image-330\" width=\"301\" height=\"170\" srcset=\"https:\/\/toestersaenger.de\/wp-content\/uploads\/2020\/11\/grafik-103.png 604w, https:\/\/toestersaenger.de\/wp-content\/uploads\/2020\/11\/grafik-103-300x169.png 300w, https:\/\/toestersaenger.de\/wp-content\/uploads\/2020\/11\/grafik-103-555x312.png 555w\" sizes=\"auto, (max-width: 301px) 100vw, 301px\" \/><\/figure>\n<\/div>\n\n\n<figure class=\"wp-block-image size-large is-resized\"><img loading=\"lazy\" decoding=\"async\" src=\"http:\/\/toestersaenger.de\/wp-content\/uploads\/2020\/11\/grafik-104.png\" alt=\"\" class=\"wp-image-331\" width=\"363\" height=\"204\" srcset=\"https:\/\/toestersaenger.de\/wp-content\/uploads\/2020\/11\/grafik-104.png 604w, https:\/\/toestersaenger.de\/wp-content\/uploads\/2020\/11\/grafik-104-300x169.png 300w, https:\/\/toestersaenger.de\/wp-content\/uploads\/2020\/11\/grafik-104-555x312.png 555w\" sizes=\"auto, (max-width: 363px) 100vw, 363px\" \/><\/figure>\n\n\n<div class=\"wp-block-image\">\n<figure class=\"aligncenter size-large is-resized\"><img loading=\"lazy\" decoding=\"async\" src=\"http:\/\/toestersaenger.de\/wp-content\/uploads\/2020\/11\/grafik-105.png\" alt=\"\" class=\"wp-image-333\" width=\"331\" height=\"186\" srcset=\"https:\/\/toestersaenger.de\/wp-content\/uploads\/2020\/11\/grafik-105.png 604w, https:\/\/toestersaenger.de\/wp-content\/uploads\/2020\/11\/grafik-105-300x169.png 300w, https:\/\/toestersaenger.de\/wp-content\/uploads\/2020\/11\/grafik-105-555x312.png 555w\" sizes=\"auto, (max-width: 331px) 100vw, 331px\" \/><\/figure>\n<\/div>\n\n\n<p class=\"has-text-align-center\"><span style=\"text-decoration: underline;\">Die T\u00f6ster S\u00e4nger 2016 mit ihren Frauen beim <\/span><strong><span class=\"has-inline-color has-vivid-red-color\"><span style=\"text-decoration: underline;\">Bosseln<\/span>.<\/span><\/strong><\/p>\n\n\n<div class=\"wp-block-image\">\n<figure class=\"aligncenter size-large is-resized\"><img loading=\"lazy\" decoding=\"async\" src=\"http:\/\/toestersaenger.de\/wp-content\/uploads\/2020\/11\/grafik-96.png\" alt=\"\" class=\"wp-image-318\" width=\"374\" height=\"210\" srcset=\"https:\/\/toestersaenger.de\/wp-content\/uploads\/2020\/11\/grafik-96.png 604w, https:\/\/toestersaenger.de\/wp-content\/uploads\/2020\/11\/grafik-96-300x169.png 300w, https:\/\/toestersaenger.de\/wp-content\/uploads\/2020\/11\/grafik-96-555x312.png 555w\" sizes=\"auto, (max-width: 374px) 100vw, 374px\" \/><\/figure>\n<\/div>\n\n\n<p class=\"has-text-align-center\"><span style=\"text-decoration: underline;\">Die T\u00f6ster S\u00e4nger 2016 zu <span class=\"has-inline-color has-vivid-red-color\"><strong>Besuch beim &#8222;Mannenkoor Nijverdal&#8220;<\/strong><\/span> in Nijverdal (Niederlande)<\/span><\/p>\n\n\n<div class=\"wp-block-image\">\n<figure class=\"alignleft size-large is-resized\"><img loading=\"lazy\" decoding=\"async\" src=\"http:\/\/toestersaenger.de\/wp-content\/uploads\/2020\/11\/grafik-93.png\" alt=\"\" class=\"wp-image-311\" width=\"251\" height=\"188\" srcset=\"https:\/\/toestersaenger.de\/wp-content\/uploads\/2020\/11\/grafik-93.png 605w, https:\/\/toestersaenger.de\/wp-content\/uploads\/2020\/11\/grafik-93-300x225.png 300w, https:\/\/toestersaenger.de\/wp-content\/uploads\/2020\/11\/grafik-93-555x416.png 555w\" sizes=\"auto, (max-width: 251px) 100vw, 251px\" \/><\/figure>\n<\/div>\n\n<div class=\"wp-block-image\">\n<figure class=\"alignright size-large is-resized\"><img loading=\"lazy\" decoding=\"async\" src=\"http:\/\/toestersaenger.de\/wp-content\/uploads\/2020\/11\/grafik-94.png\" alt=\"\" class=\"wp-image-312\" width=\"258\" height=\"194\" srcset=\"https:\/\/toestersaenger.de\/wp-content\/uploads\/2020\/11\/grafik-94.png 604w, https:\/\/toestersaenger.de\/wp-content\/uploads\/2020\/11\/grafik-94-300x225.png 300w, https:\/\/toestersaenger.de\/wp-content\/uploads\/2020\/11\/grafik-94-555x416.png 555w\" sizes=\"auto, (max-width: 258px) 100vw, 258px\" \/><\/figure>\n<\/div>\n\n<div class=\"wp-block-image\">\n<figure class=\"aligncenter size-large is-resized\"><img loading=\"lazy\" decoding=\"async\" src=\"http:\/\/toestersaenger.de\/wp-content\/uploads\/2020\/11\/grafik-95.png\" alt=\"\" class=\"wp-image-314\" width=\"258\" height=\"193\" srcset=\"https:\/\/toestersaenger.de\/wp-content\/uploads\/2020\/11\/grafik-95.png 605w, https:\/\/toestersaenger.de\/wp-content\/uploads\/2020\/11\/grafik-95-300x225.png 300w, https:\/\/toestersaenger.de\/wp-content\/uploads\/2020\/11\/grafik-95-555x416.png 555w\" sizes=\"auto, (max-width: 258px) 100vw, 258px\" \/><\/figure>\n<\/div>\n\n\n<p class=\"has-text-align-center\"><u>\u201d Alle Jahre wieder\u2026..!\u201d \u2013 <span class=\"has-inline-color has-vivid-red-color\"><strong>Weihnachtsfeier <\/strong><\/span>der T\u00f6ster S\u00e4nger und ihrer Frauen und G\u00e4ste im Gasthaus \u201cWiechern\u201d in Todtgl\u00fcsingen am 19.12.15<\/u><\/p>\n\n\n<div class=\"wp-block-image\">\n<figure class=\"alignleft size-large\"><img loading=\"lazy\" decoding=\"async\" width=\"150\" height=\"150\" src=\"http:\/\/toestersaenger.de\/wp-content\/uploads\/2020\/11\/grafik-4.png\" alt=\"\" class=\"wp-image-193\"\/><\/figure>\n<\/div>\n\n\n<div class=\"wp-block-group\"><div class=\"wp-block-group__inner-container is-layout-flow wp-block-group-is-layout-flow\"><div class=\"wp-block-image\">\n<figure class=\"alignright size-large\"><img loading=\"lazy\" decoding=\"async\" width=\"150\" height=\"150\" src=\"http:\/\/toestersaenger.de\/wp-content\/uploads\/2020\/11\/grafik-3.png\" alt=\"\" class=\"wp-image-192\"\/><\/figure>\n<\/div><\/div><\/div>\n\n\n\n<figure class=\"wp-block-image size-large is-resized\"><img loading=\"lazy\" decoding=\"async\" src=\"http:\/\/toestersaenger.de\/wp-content\/uploads\/2020\/11\/grafik-2.png\" alt=\"\" class=\"wp-image-191\" width=\"158\" height=\"158\"\/><\/figure>\n\n\n\n<p class=\"has-text-align-center\">Das <strong><span style=\"text-decoration: underline;\"><span class=\"has-inline-color has-vivid-red-color\">allj\u00e4hrliche Adventssingen<\/span> <\/span><\/strong>der T\u00f6ster S\u00e4nger und des Bl\u00e4serquintetts der Estetaler Musikanten am 28. November 2015            in der ev. Johanniskirche in Tostedt <\/p>\n\n\n<div class=\"wp-block-image\">\n<figure class=\"alignleft size-large is-resized\"><img loading=\"lazy\" decoding=\"async\" src=\"http:\/\/toestersaenger.de\/wp-content\/uploads\/2020\/11\/grafik-5.png\" alt=\"\" class=\"wp-image-194\" width=\"248\" height=\"185\"\/><\/figure>\n<\/div>\n\n<div class=\"wp-block-image\">\n<figure class=\"alignright size-large is-resized\"><img loading=\"lazy\" decoding=\"async\" src=\"http:\/\/toestersaenger.de\/wp-content\/uploads\/2020\/11\/grafik-6.png\" alt=\"\" class=\"wp-image-195\" width=\"245\" height=\"182\"\/><\/figure>\n<\/div>\n\n\n<p><\/p>\n\n\n\n<p><\/p>\n\n\n\n<p class=\"has-text-align-center\"><u>Gemeinsames<\/u><strong><u> <\/u><\/strong><u><span class=\"has-inline-color has-vivid-red-color\"><strong>Chorkonzert der T\u00f6ster S\u00e4nger mit dem Mannenkoor aus Nijverdal (Niederlande) und dem Spielleuteorchester \u201cut T\u00f6st un Gl\u00fcsen<\/strong><\/span><\/u><strong><u><span class=\"has-inline-color has-vivid-red-color\">\u201d<\/span> <\/u><\/strong><u>am 15. Mai 2015 in der Sch\u00fctzenhalle in Tostedt<\/u><\/p>\n\n\n<div class=\"wp-block-image\">\n<figure class=\"alignleft size-large is-resized\"><img loading=\"lazy\" decoding=\"async\" src=\"http:\/\/toestersaenger.de\/wp-content\/uploads\/2020\/11\/grafik-7.png\" alt=\"\" class=\"wp-image-196\" width=\"174\" height=\"174\"\/><\/figure>\n<\/div>\n\n<div class=\"wp-block-image\">\n<figure class=\"alignright size-large is-resized\"><img loading=\"lazy\" decoding=\"async\" src=\"http:\/\/toestersaenger.de\/wp-content\/uploads\/2020\/11\/grafik-9.png\" alt=\"\" class=\"wp-image-198\" width=\"175\" height=\"175\"\/><\/figure>\n<\/div>\n\n<div class=\"wp-block-image is-style-default\">\n<figure class=\"alignleft size-large is-resized\"><img loading=\"lazy\" decoding=\"async\" src=\"http:\/\/toestersaenger.de\/wp-content\/uploads\/2020\/11\/grafik-8.png\" alt=\"\" class=\"wp-image-197\" width=\"177\" height=\"177\"\/><\/figure>\n<\/div>\n\n\n<figure class=\"wp-block-image size-large is-resized\"><img loading=\"lazy\" decoding=\"async\" src=\"http:\/\/toestersaenger.de\/wp-content\/uploads\/2020\/11\/grafik-10.png\" alt=\"\" class=\"wp-image-199\" width=\"180\" height=\"180\"\/><\/figure>\n\n\n\n<p><\/p>\n\n\n\n<p><\/p>\n\n\n\n<p><\/p>\n\n\n\n<p><\/p>\n\n\n\n<p class=\"has-text-align-center\"><u>Am 29. Januar 2015 f\u00fchrten die T\u00f6ster S\u00e4nger ihre allj\u00e4hrliche <span class=\"has-inline-color has-vivid-red-color\"><strong>Jahreshauptversammlung<\/strong><\/span> im Gasthaus &#8222;Wiechern&#8220; durch!<\/u><\/p>\n\n\n<div class=\"wp-block-image\">\n<figure class=\"alignleft size-large is-resized\"><img loading=\"lazy\" decoding=\"async\" src=\"http:\/\/toestersaenger.de\/wp-content\/uploads\/2020\/11\/grafik-12.png\" alt=\"\" class=\"wp-image-201\" width=\"177\" height=\"177\"\/><\/figure>\n<\/div>\n\n<div class=\"wp-block-image\">\n<figure class=\"alignright size-large is-resized\"><img loading=\"lazy\" decoding=\"async\" src=\"http:\/\/toestersaenger.de\/wp-content\/uploads\/2020\/11\/grafik-14.png\" alt=\"\" class=\"wp-image-203\" width=\"175\" height=\"175\"\/><\/figure>\n<\/div>\n\n<div class=\"wp-block-image\">\n<figure class=\"alignleft size-large is-resized\"><img loading=\"lazy\" decoding=\"async\" src=\"http:\/\/toestersaenger.de\/wp-content\/uploads\/2020\/11\/grafik-13.png\" alt=\"\" class=\"wp-image-202\" width=\"179\" height=\"179\"\/><\/figure>\n<\/div>\n\n<div class=\"wp-block-image\">\n<figure class=\"aligncenter size-large is-resized\"><img loading=\"lazy\" decoding=\"async\" src=\"http:\/\/toestersaenger.de\/wp-content\/uploads\/2020\/11\/grafik-15.png\" alt=\"\" class=\"wp-image-204\" width=\"176\" height=\"176\"\/><\/figure>\n<\/div>\n\n\n<p class=\"has-text-align-center\"><u><strong><span class=\"has-inline-color has-vivid-red-color\">Neujahrsfr\u00fchst\u00fcck<\/span><\/strong> der T\u00f6ster S\u00e4nger am 4.Januar 2014  im <\/u><span style=\"text-decoration: underline;\">Gasthaus &#8222;Wiechern&#8220;<\/span><\/p>\n\n\n<div class=\"wp-block-image\">\n<figure class=\"aligncenter size-large\"><img loading=\"lazy\" decoding=\"async\" width=\"234\" height=\"175\" src=\"http:\/\/toestersaenger.de\/wp-content\/uploads\/2020\/11\/grafik-16.png\" alt=\"\" class=\"wp-image-205\"\/><\/figure>\n<\/div>\n\n\n<p class=\"has-text-align-center\"><u>Unsere <span class=\"has-inline-color has-vivid-red-color\"><strong>Adventsfeiter mit den S\u00e4ngerfrauen <\/strong><\/span>am 19. Dezember 2014 im Hotel \u201cZum Meierhof\u201d<\/u><\/p>\n\n\n<div class=\"wp-block-image\">\n<figure class=\"alignleft size-large is-resized\"><img loading=\"lazy\" decoding=\"async\" src=\"http:\/\/toestersaenger.de\/wp-content\/uploads\/2020\/11\/grafik-17.png\" alt=\"\" class=\"wp-image-206\" width=\"195\" height=\"195\"\/><\/figure>\n<\/div>\n\n\n<figure class=\"wp-block-image size-large is-resized\"><img loading=\"lazy\" decoding=\"async\" src=\"http:\/\/toestersaenger.de\/wp-content\/uploads\/2020\/11\/grafik-18.png\" alt=\"\" class=\"wp-image-207\" width=\"199\" height=\"199\"\/><\/figure>\n\n\n\n<p><\/p>\n\n\n\n<p class=\"has-text-align-center\">Singen auf dem <u><span class=\"has-inline-color has-vivid-red-color\"><strong>Bezirkschorfest des Chorbezirkes <\/strong><\/span>Buchholz\/Nordheide in Holvede am 21. September 2014<\/u><\/p>\n\n\n<div class=\"wp-block-image\">\n<figure class=\"alignleft size-large is-resized\"><img loading=\"lazy\" decoding=\"async\" src=\"http:\/\/toestersaenger.de\/wp-content\/uploads\/2020\/11\/grafik-20.png\" alt=\"\" class=\"wp-image-209\" width=\"193\" height=\"193\"\/><\/figure>\n<\/div>\n\n<div class=\"wp-block-image\">\n<figure class=\"alignright size-large is-resized\"><img loading=\"lazy\" decoding=\"async\" src=\"http:\/\/toestersaenger.de\/wp-content\/uploads\/2020\/11\/grafik-22.png\" alt=\"\" class=\"wp-image-211\" width=\"198\" height=\"198\"\/><\/figure>\n<\/div>\n\n<div class=\"wp-block-image\">\n<figure class=\"aligncenter size-large is-resized\"><img loading=\"lazy\" decoding=\"async\" src=\"http:\/\/toestersaenger.de\/wp-content\/uploads\/2020\/11\/grafik-21.png\" alt=\"\" class=\"wp-image-210\" width=\"184\" height=\"184\"\/><\/figure>\n<\/div>\n\n\n<p class=\"has-text-align-center\"><\/p>\n\n\n\n<div class=\"wp-block-group\"><div class=\"wp-block-group__inner-container is-layout-flow wp-block-group-is-layout-flow\">\n<div class=\"wp-block-group\"><div class=\"wp-block-group__inner-container is-layout-flow wp-block-group-is-layout-flow\">\n<div class=\"wp-block-group\"><div class=\"wp-block-group__inner-container is-layout-flow wp-block-group-is-layout-flow\"><\/div><\/div>\n<\/div><\/div>\n<\/div><\/div>\n\n\n\n<p class=\"has-text-align-center\"><span style=\"text-decoration: underline;\">A<u>m<\/u><\/span><u> Sonntag, den 14. September 2014 <strong><span class=\"has-inline-color has-vivid-red-color\">bosselten die T\u00f6ster S\u00e4nger mit ihren S\u00e4ngerfrauen<\/span><\/strong> in Otter.<\/u><\/p>\n\n\n<div class=\"wp-block-image is-style-default\">\n<figure class=\"aligncenter size-large\"><img loading=\"lazy\" decoding=\"async\" width=\"300\" height=\"224\" src=\"http:\/\/toestersaenger.de\/wp-content\/uploads\/2020\/11\/grafik-23.png\" alt=\"\" class=\"wp-image-212\"\/><\/figure>\n<\/div>\n\n\n<p class=\"has-text-align-center\"><u>Die T\u00f6ster S\u00e4nger feiern auf der <span class=\"has-inline-color has-vivid-red-color\">l<\/span><strong><span class=\"has-inline-color has-vivid-red-color\">etzten Chorprobe vor der Sommerpause<\/span><\/strong> im Sch\u00fctzenhaus in Otter am 30. Juli 2014<\/u><\/p>\n\n\n<div class=\"wp-block-image is-style-default\">\n<figure class=\"alignleft size-large\"><img loading=\"lazy\" decoding=\"async\" width=\"150\" height=\"150\" src=\"http:\/\/toestersaenger.de\/wp-content\/uploads\/2020\/11\/grafik-24.png\" alt=\"\" class=\"wp-image-213\"\/><\/figure>\n<\/div>\n\n<div class=\"wp-block-image is-style-default\">\n<figure class=\"alignleft size-large\"><img loading=\"lazy\" decoding=\"async\" width=\"150\" height=\"150\" src=\"http:\/\/toestersaenger.de\/wp-content\/uploads\/2020\/11\/grafik-27.png\" alt=\"\" class=\"wp-image-216\"\/><\/figure>\n<\/div>\n\n\n<figure class=\"wp-block-image size-large is-style-default\"><img loading=\"lazy\" decoding=\"async\" width=\"150\" height=\"150\" src=\"http:\/\/toestersaenger.de\/wp-content\/uploads\/2020\/11\/grafik-26.png\" alt=\"\" class=\"wp-image-215\"\/><\/figure>\n\n\n\n<p class=\"has-text-align-center\"><strong><u>&nbsp;<\/u><\/strong><u>Die T\u00f6ster S\u00e4nger mit ihren S\u00e4ngerfrauen beim <strong><span class=\"has-inline-color has-vivid-red-color\">Ausflug nach Stralsund<\/span><\/strong> und Umgebung vom 29.Mai bis zum 01.Juni 2014<\/u><\/p>\n\n\n<div class=\"wp-block-image is-style-default\">\n<figure class=\"alignright size-large\"><img loading=\"lazy\" decoding=\"async\" width=\"150\" height=\"150\" src=\"http:\/\/toestersaenger.de\/wp-content\/uploads\/2020\/11\/grafik-30.png\" alt=\"\" class=\"wp-image-219\"\/><\/figure>\n<\/div>\n\n<div class=\"wp-block-image\">\n<figure class=\"alignleft size-large\"><img loading=\"lazy\" decoding=\"async\" width=\"150\" height=\"150\" src=\"http:\/\/toestersaenger.de\/wp-content\/uploads\/2020\/11\/grafik-40.png\" alt=\"\" class=\"wp-image-229\"\/><\/figure>\n<\/div>\n\n<div class=\"wp-block-image is-style-default\">\n<figure class=\"alignleft size-large\"><img loading=\"lazy\" decoding=\"async\" width=\"150\" height=\"150\" src=\"http:\/\/toestersaenger.de\/wp-content\/uploads\/2020\/11\/grafik-29.png\" alt=\"\" class=\"wp-image-218\"\/><\/figure>\n<\/div>\n\n<div class=\"wp-block-image is-style-default\">\n<figure class=\"alignleft size-large\"><img loading=\"lazy\" decoding=\"async\" width=\"150\" height=\"150\" src=\"http:\/\/toestersaenger.de\/wp-content\/uploads\/2020\/11\/grafik-28.png\" alt=\"\" class=\"wp-image-217\"\/><\/figure>\n<\/div>\n\n<div class=\"wp-block-image is-style-default\">\n<figure class=\"alignright size-large\"><img loading=\"lazy\" decoding=\"async\" width=\"150\" height=\"150\" src=\"http:\/\/toestersaenger.de\/wp-content\/uploads\/2020\/11\/grafik-33.png\" alt=\"\" class=\"wp-image-222\"\/><\/figure>\n<\/div>\n\n<div class=\"wp-block-image is-style-default\">\n<figure class=\"alignleft size-large\"><img loading=\"lazy\" decoding=\"async\" width=\"150\" height=\"150\" src=\"http:\/\/toestersaenger.de\/wp-content\/uploads\/2020\/11\/grafik-31.png\" alt=\"\" class=\"wp-image-220\"\/><\/figure>\n<\/div>\n\n<div class=\"wp-block-image is-style-default\">\n<figure class=\"alignleft size-large\"><img loading=\"lazy\" decoding=\"async\" width=\"150\" height=\"150\" src=\"http:\/\/toestersaenger.de\/wp-content\/uploads\/2020\/11\/grafik-32.png\" alt=\"\" class=\"wp-image-221\"\/><\/figure>\n<\/div>\n\n<div class=\"wp-block-image\">\n<figure class=\"alignright size-large\"><img loading=\"lazy\" decoding=\"async\" width=\"150\" height=\"150\" src=\"http:\/\/toestersaenger.de\/wp-content\/uploads\/2020\/11\/grafik-41.png\" alt=\"\" class=\"wp-image-230\"\/><\/figure>\n<\/div>\n\n\n<figure class=\"wp-block-image size-large\"><img loading=\"lazy\" decoding=\"async\" width=\"150\" height=\"150\" src=\"http:\/\/toestersaenger.de\/wp-content\/uploads\/2020\/11\/grafik-38.png\" alt=\"\" class=\"wp-image-227\"\/><\/figure>\n\n\n<div class=\"wp-block-image is-style-default\">\n<figure class=\"alignleft size-large\"><img loading=\"lazy\" decoding=\"async\" width=\"150\" height=\"150\" src=\"http:\/\/toestersaenger.de\/wp-content\/uploads\/2020\/11\/grafik-36.png\" alt=\"\" class=\"wp-image-225\"\/><\/figure>\n<\/div>\n\n<div class=\"wp-block-image is-style-default\">\n<figure class=\"alignleft size-large\"><img loading=\"lazy\" decoding=\"async\" width=\"150\" height=\"150\" src=\"http:\/\/toestersaenger.de\/wp-content\/uploads\/2020\/11\/grafik-34.png\" alt=\"\" class=\"wp-image-223\"\/><\/figure>\n<\/div>\n\n<div class=\"wp-block-image is-style-default\">\n<figure class=\"alignleft size-large\"><img loading=\"lazy\" decoding=\"async\" width=\"150\" height=\"150\" src=\"http:\/\/toestersaenger.de\/wp-content\/uploads\/2020\/11\/grafik-35.png\" alt=\"\" class=\"wp-image-224\"\/><\/figure>\n<\/div>\n\n<div class=\"wp-block-image\">\n<figure class=\"alignleft size-large\"><img loading=\"lazy\" decoding=\"async\" width=\"150\" height=\"150\" src=\"http:\/\/toestersaenger.de\/wp-content\/uploads\/2020\/11\/grafik-39.png\" alt=\"\" class=\"wp-image-228\"\/><\/figure>\n<\/div>\n\n\n<figure class=\"wp-block-image size-large is-style-default\"><img loading=\"lazy\" decoding=\"async\" width=\"150\" height=\"150\" src=\"http:\/\/toestersaenger.de\/wp-content\/uploads\/2020\/11\/grafik-37.png\" alt=\"\" class=\"wp-image-226\"\/><\/figure>\n\n\n\n<p class=\"has-text-align-center\"><span style=\"text-decoration: underline;\">Verleihung des <strong><span class=\"has-inline-color has-vivid-red-color\">Felixpreises <\/span><\/strong>f\u00fcr kindgerechtes Singen  des Deutschen Chorverbandes an den Waldkindergarten am 24.M\u00e4rz 2014<\/span><\/p>\n\n\n<div class=\"wp-block-image\">\n<figure class=\"alignright size-large is-resized\"><img loading=\"lazy\" decoding=\"async\" src=\"http:\/\/toestersaenger.de\/wp-content\/uploads\/2020\/11\/grafik-119.png\" alt=\"\" class=\"wp-image-379\" width=\"259\" height=\"193\" srcset=\"https:\/\/toestersaenger.de\/wp-content\/uploads\/2020\/11\/grafik-119.png 605w, https:\/\/toestersaenger.de\/wp-content\/uploads\/2020\/11\/grafik-119-300x225.png 300w, https:\/\/toestersaenger.de\/wp-content\/uploads\/2020\/11\/grafik-119-555x416.png 555w\" sizes=\"auto, (max-width: 259px) 100vw, 259px\" \/><\/figure>\n<\/div>\n\n<div class=\"wp-block-image\">\n<figure class=\"alignleft size-large is-resized\"><img loading=\"lazy\" decoding=\"async\" src=\"http:\/\/toestersaenger.de\/wp-content\/uploads\/2020\/11\/grafik-118.png\" alt=\"\" class=\"wp-image-377\" width=\"254\" height=\"190\" srcset=\"https:\/\/toestersaenger.de\/wp-content\/uploads\/2020\/11\/grafik-118.png 1024w, https:\/\/toestersaenger.de\/wp-content\/uploads\/2020\/11\/grafik-118-300x225.png 300w, https:\/\/toestersaenger.de\/wp-content\/uploads\/2020\/11\/grafik-118-768x576.png 768w, https:\/\/toestersaenger.de\/wp-content\/uploads\/2020\/11\/grafik-118-555x416.png 555w\" sizes=\"auto, (max-width: 254px) 100vw, 254px\" \/><\/figure>\n<\/div>\n\n<div class=\"wp-block-image\">\n<figure class=\"aligncenter size-large is-resized\"><img loading=\"lazy\" decoding=\"async\" src=\"http:\/\/toestersaenger.de\/wp-content\/uploads\/2020\/11\/grafik-120.png\" alt=\"\" class=\"wp-image-380\" width=\"248\" height=\"186\" srcset=\"https:\/\/toestersaenger.de\/wp-content\/uploads\/2020\/11\/grafik-120.png 605w, https:\/\/toestersaenger.de\/wp-content\/uploads\/2020\/11\/grafik-120-300x225.png 300w, https:\/\/toestersaenger.de\/wp-content\/uploads\/2020\/11\/grafik-120-555x416.png 555w\" sizes=\"auto, (max-width: 248px) 100vw, 248px\" \/><\/figure>\n<\/div>\n\n\n<p><strong><span class=\"has-inline-color has-vivid-red-color\">&nbsp;<\/span><\/strong><u>Bilder vom <span class=\"has-inline-color has-vivid-red-color\"><strong>Neujahrsfr\u00fchst\u00fcck<\/strong><\/span> der T\u00f6ster S\u00e4nger 2014<\/u><\/p>\n\n\n<div class=\"wp-block-image\">\n<figure class=\"alignleft size-large is-resized\"><img loading=\"lazy\" decoding=\"async\" src=\"http:\/\/toestersaenger.de\/wp-content\/uploads\/2020\/11\/grafik-43.png\" alt=\"\" class=\"wp-image-232\" width=\"256\" height=\"192\"\/><\/figure>\n<\/div>\n\n<div class=\"wp-block-image\">\n<figure class=\"alignright size-large is-resized\"><img loading=\"lazy\" decoding=\"async\" src=\"http:\/\/toestersaenger.de\/wp-content\/uploads\/2020\/11\/grafik-42.png\" alt=\"\" class=\"wp-image-231\" width=\"250\" height=\"187\"\/><\/figure>\n<\/div>\n\n\n<p><\/p>\n\n\n\n<p class=\"has-text-align-center\"><u>Am Sonntag, den 22. September 2013 rafen sich die T\u00f6ster S\u00e4nger mit ihren Frauen&nbsp; zum nun schon traditionellen <strong><span class=\"has-inline-color has-vivid-red-color\">Bosseln<\/span><\/strong> am Riepshofer Schafsstall<\/u><\/p>\n\n\n<div class=\"wp-block-image\">\n<figure class=\"alignleft size-large\"><img loading=\"lazy\" decoding=\"async\" width=\"150\" height=\"150\" src=\"http:\/\/toestersaenger.de\/wp-content\/uploads\/2020\/11\/grafik-44.png\" alt=\"\" class=\"wp-image-233\"\/><\/figure>\n<\/div>\n\n<div class=\"wp-block-image\">\n<figure class=\"alignright size-large\"><img loading=\"lazy\" decoding=\"async\" width=\"150\" height=\"150\" src=\"http:\/\/toestersaenger.de\/wp-content\/uploads\/2020\/11\/grafik-45.png\" alt=\"\" class=\"wp-image-234\"\/><\/figure>\n<\/div>\n\n\n<figure class=\"wp-block-image size-large\"><img loading=\"lazy\" decoding=\"async\" width=\"150\" height=\"150\" src=\"http:\/\/toestersaenger.de\/wp-content\/uploads\/2020\/11\/grafik-46.png\" alt=\"\" class=\"wp-image-235\"\/><\/figure>\n\n\n<div class=\"wp-block-image\">\n<figure class=\"aligncenter size-large\"><img loading=\"lazy\" decoding=\"async\" width=\"150\" height=\"150\" src=\"http:\/\/toestersaenger.de\/wp-content\/uploads\/2020\/11\/grafik-47.png\" alt=\"\" class=\"wp-image-236\"\/><\/figure>\n<\/div>\n\n\n<p class=\"has-text-align-center\"><strong><span class=\"has-inline-color has-vivid-red-color\"><u>\u201d Alle Jahre wieder\u2026!\u201d<\/u>&nbsp;<\/span><\/strong> trafen sich die T\u00f6ster S\u00e4nger mit ihren Frauen und G\u00e4sten auf ihre nun schon traditionelle <strong><span class=\"has-inline-color has-vivid-red-color\">Adventsfeier<\/span><\/strong> am 20.12.2013 im Gasthaus &#8222;Wiechern&#8220; bei leckerem Buffett und tollen Unterhaltungsprogramm. Es wurde \u00fcbrigens auch gesungen!<\/p>\n\n\n<div class=\"wp-block-image\">\n<figure class=\"alignright size-large\"><img loading=\"lazy\" decoding=\"async\" width=\"150\" height=\"150\" src=\"http:\/\/toestersaenger.de\/wp-content\/uploads\/2020\/11\/grafik-51.png\" alt=\"\" class=\"wp-image-240\"\/><\/figure>\n<\/div>\n\n<div class=\"wp-block-image\">\n<figure class=\"alignright size-large\"><img loading=\"lazy\" decoding=\"async\" width=\"150\" height=\"150\" src=\"http:\/\/toestersaenger.de\/wp-content\/uploads\/2020\/11\/grafik-49.png\" alt=\"\" class=\"wp-image-238\"\/><\/figure>\n<\/div>\n\n\n<figure class=\"wp-block-image size-large\"><img loading=\"lazy\" decoding=\"async\" width=\"144\" height=\"144\" src=\"http:\/\/toestersaenger.de\/wp-content\/uploads\/2020\/11\/grafik-48.png\" alt=\"\" class=\"wp-image-237\"\/><\/figure>\n\n\n<div class=\"wp-block-image\">\n<figure class=\"alignright size-large\"><img loading=\"lazy\" decoding=\"async\" width=\"150\" height=\"150\" src=\"http:\/\/toestersaenger.de\/wp-content\/uploads\/2020\/11\/grafik-50.png\" alt=\"\" class=\"wp-image-239\"\/><\/figure>\n<\/div>\n\n<div class=\"wp-block-image\">\n<figure class=\"alignright size-large\"><img loading=\"lazy\" decoding=\"async\" width=\"150\" height=\"150\" src=\"http:\/\/toestersaenger.de\/wp-content\/uploads\/2020\/11\/grafik-52.png\" alt=\"\" class=\"wp-image-241\"\/><\/figure>\n<\/div>\n\n\n<figure class=\"wp-block-image size-large\"><img loading=\"lazy\" decoding=\"async\" width=\"150\" height=\"150\" src=\"http:\/\/toestersaenger.de\/wp-content\/uploads\/2020\/11\/grafik-53.png\" alt=\"\" class=\"wp-image-242\"\/><\/figure>\n\n\n\n<p class=\"has-text-align-center\"><u><strong><span class=\"has-inline-color has-vivid-red-color\">\u201cSingen in den Sommer\u201d<\/span><\/strong>&#8211; am 07. Juli 2013 in der Sch\u00fctzenhalle Tostedt<\/u><\/p>\n\n\n\n<p>Am Sonntag, den 7.Juli von 15.00 bis 17.30 Uhr <em>sangen und musizierten die<\/em> T\u00f6ster S\u00e4nger, gemeinsam mit der Musikvereinigung Tostedt und dem Spielleuteorchester Todtgl\u00fcsingen, bei Kaffee und Kuchen <em>die Tostedter B\u00fcrger und alle anderen G\u00e4ste in der Sch\u00fctzenhalle Tostedt&nbsp; \u201cin den Sommer\u201d.<\/em> \u201cEs war\u201d, wie viele G\u00e4ste anschlie\u00dfend betonten, \u201cein wundersch\u00f6ner Nachmittag, wo den Tostedtern endlich mal wieder etwas Kultur geboten wurde!\u201d<\/p>\n\n\n\n<p>Einen gro\u00dfen Anklang fanden die Solodarbietungen von Sara-Elena L\u00fcers, Leander L\u00f6we und Maximilian Kappel, welche mit ihrem \u201cHalloluja\u201d von Leonhard Cohen und mit dem Musikalsong \u201cWeine nicht um mich, Argentinien\u201d, den Sara-Elena mit Begleitung der Chorleiterin der T\u00f6ster S\u00e4nger Frau Svea Gei\u00dfler sang.<\/p>\n\n\n\n<p><strong><u>Hier einige Bilder der Veranstaltung<\/u><\/strong>:<\/p>\n\n\n<div class=\"wp-block-image\">\n<figure class=\"alignright size-large\"><img loading=\"lazy\" decoding=\"async\" width=\"150\" height=\"150\" src=\"http:\/\/toestersaenger.de\/wp-content\/uploads\/2020\/11\/grafik-56.png\" alt=\"\" class=\"wp-image-245\"\/><\/figure>\n<\/div>\n\n<div class=\"wp-block-image\">\n<figure class=\"alignright size-large\"><img loading=\"lazy\" decoding=\"async\" width=\"150\" height=\"150\" src=\"http:\/\/toestersaenger.de\/wp-content\/uploads\/2020\/11\/grafik-55.png\" alt=\"\" class=\"wp-image-244\"\/><\/figure>\n<\/div>\n\n\n<figure class=\"wp-block-image size-large\"><img loading=\"lazy\" decoding=\"async\" width=\"150\" height=\"150\" src=\"http:\/\/toestersaenger.de\/wp-content\/uploads\/2020\/11\/grafik-54.png\" alt=\"\" class=\"wp-image-243\"\/><\/figure>\n\n\n<div class=\"wp-block-image\">\n<figure class=\"alignleft size-large\"><img loading=\"lazy\" decoding=\"async\" width=\"150\" height=\"150\" src=\"http:\/\/toestersaenger.de\/wp-content\/uploads\/2020\/11\/grafik-58.png\" alt=\"\" class=\"wp-image-247\"\/><\/figure>\n<\/div>\n\n<div class=\"wp-block-image\">\n<figure class=\"alignright size-large\"><img loading=\"lazy\" decoding=\"async\" width=\"150\" height=\"150\" src=\"http:\/\/toestersaenger.de\/wp-content\/uploads\/2020\/11\/grafik-60.png\" alt=\"\" class=\"wp-image-249\"\/><\/figure>\n<\/div>\n\n\n<figure class=\"wp-block-image size-large\"><img loading=\"lazy\" decoding=\"async\" width=\"150\" height=\"150\" src=\"http:\/\/toestersaenger.de\/wp-content\/uploads\/2020\/11\/grafik-57.png\" alt=\"\" class=\"wp-image-246\"\/><\/figure>\n\n\n<div class=\"wp-block-image\">\n<figure class=\"alignleft size-large\"><img loading=\"lazy\" decoding=\"async\" width=\"150\" height=\"150\" src=\"http:\/\/toestersaenger.de\/wp-content\/uploads\/2020\/11\/grafik-59.png\" alt=\"\" class=\"wp-image-248\"\/><\/figure>\n<\/div>\n\n<div class=\"wp-block-image\">\n<figure class=\"alignleft size-large\"><img loading=\"lazy\" decoding=\"async\" width=\"150\" height=\"150\" src=\"http:\/\/toestersaenger.de\/wp-content\/uploads\/2020\/11\/grafik-61.png\" alt=\"\" class=\"wp-image-250\"\/><\/figure>\n<\/div>\n\n<div class=\"wp-block-image\">\n<figure class=\"alignright size-large\"><img loading=\"lazy\" decoding=\"async\" width=\"150\" height=\"150\" src=\"http:\/\/toestersaenger.de\/wp-content\/uploads\/2020\/11\/grafik-62.png\" alt=\"\" class=\"wp-image-251\"\/><\/figure>\n<\/div>\n\n<div class=\"wp-block-image\">\n<figure class=\"aligncenter size-large\"><img loading=\"lazy\" decoding=\"async\" width=\"150\" height=\"150\" src=\"http:\/\/toestersaenger.de\/wp-content\/uploads\/2020\/11\/grafik-63.png\" alt=\"\" class=\"wp-image-252\"\/><\/figure>\n<\/div>\n\n\n<p class=\"has-text-align-center\"><u><span class=\"has-inline-color has-vivid-red-color\"><strong>Jahreshauptversammlung<\/strong><\/span> der T\u00f6ster S\u00e4nger am 31.Januar 2013<\/u><\/p>\n\n\n<div class=\"wp-block-image\">\n<figure class=\"alignright size-large\"><img loading=\"lazy\" decoding=\"async\" width=\"230\" height=\"173\" src=\"http:\/\/toestersaenger.de\/wp-content\/uploads\/2020\/11\/grafik-65.png\" alt=\"\" class=\"wp-image-254\"\/><\/figure>\n<\/div>\n\n\n<figure class=\"wp-block-image size-large\"><img loading=\"lazy\" decoding=\"async\" width=\"173\" height=\"230\" src=\"http:\/\/toestersaenger.de\/wp-content\/uploads\/2020\/11\/grafik-64.png\" alt=\"\" class=\"wp-image-253\"\/><\/figure>\n\n\n<div class=\"wp-block-image\">\n<figure class=\"alignleft size-large\"><img loading=\"lazy\" decoding=\"async\" width=\"214\" height=\"170\" src=\"http:\/\/toestersaenger.de\/wp-content\/uploads\/2020\/11\/grafik-67.png\" alt=\"\" class=\"wp-image-256\"\/><\/figure>\n<\/div>\n\n<div class=\"wp-block-image\">\n<figure class=\"aligncenter size-large\"><img loading=\"lazy\" decoding=\"async\" width=\"173\" height=\"230\" src=\"http:\/\/toestersaenger.de\/wp-content\/uploads\/2020\/11\/grafik-66.png\" alt=\"\" class=\"wp-image-255\"\/><\/figure>\n<\/div>\n\n\n<p class=\"has-text-align-center\"><span style=\"text-decoration: underline;\">Am 14. Dezember 2012 trafen sich die T\u00f6ster S\u00e4nger mit ihren S\u00e4ngerfrauen zum Ausklang des S\u00e4ngerjahres 2012 im Gasthaus Wiechern zur <strong><span class=\"has-inline-color has-vivid-red-color\">Adventsfeier<\/span><\/strong><\/span><\/p>\n\n\n<div class=\"wp-block-image\">\n<figure class=\"alignright size-large\"><img loading=\"lazy\" decoding=\"async\" width=\"150\" height=\"150\" src=\"http:\/\/toestersaenger.de\/wp-content\/uploads\/2020\/11\/grafik-90.png\" alt=\"\" class=\"wp-image-281\"\/><\/figure>\n<\/div>\n\n<div class=\"wp-block-image\">\n<figure class=\"alignright size-large\"><img loading=\"lazy\" decoding=\"async\" width=\"150\" height=\"150\" src=\"http:\/\/toestersaenger.de\/wp-content\/uploads\/2020\/11\/grafik-89.png\" alt=\"\" class=\"wp-image-280\"\/><\/figure>\n<\/div>\n\n\n<figure class=\"wp-block-image size-large\"><img loading=\"lazy\" decoding=\"async\" width=\"150\" height=\"150\" src=\"http:\/\/toestersaenger.de\/wp-content\/uploads\/2020\/11\/grafik-88.png\" alt=\"\" class=\"wp-image-279\"\/><\/figure>\n\n\n<div class=\"wp-block-image\">\n<figure class=\"aligncenter size-large\"><img loading=\"lazy\" decoding=\"async\" width=\"150\" height=\"150\" src=\"http:\/\/toestersaenger.de\/wp-content\/uploads\/2020\/11\/grafik-91.png\" alt=\"\" class=\"wp-image-282\"\/><\/figure>\n<\/div>\n\n\n<p><\/p>\n\n\n\n<p class=\"has-text-align-center\"><strong><u> <\/u><\/strong><u>Allj\u00e4hrliches <strong><span class=\"has-inline-color has-vivid-red-color\">Bosseln der T\u00f6ster S\u00e4nger mit ihren S\u00e4ngerfrauen <\/span><\/strong>in Otter am 16.September 2012<\/u><\/p>\n\n\n<div class=\"wp-block-image\">\n<figure class=\"aligncenter size-large\"><img loading=\"lazy\" decoding=\"async\" width=\"300\" height=\"224\" src=\"http:\/\/toestersaenger.de\/wp-content\/uploads\/2020\/11\/grafik-86.png\" alt=\"\" class=\"wp-image-277\"\/><\/figure>\n<\/div>\n\n\n<p><\/p>\n\n\n\n<p class=\"has-text-align-center\"><u>Teilnahme der T\u00f6ster S\u00e4nger am <strong><span class=\"has-inline-color has-vivid-red-color\">27. Luhd\u00f6rper Leederfest<\/span><\/strong> in der Stadthalle in Winsen am 30.September 2012<\/u><\/p>\n\n\n<div class=\"wp-block-image\">\n<figure class=\"alignleft size-large is-resized\"><img loading=\"lazy\" decoding=\"async\" src=\"http:\/\/toestersaenger.de\/wp-content\/uploads\/2020\/11\/grafik-68.png\" alt=\"\" class=\"wp-image-257\" width=\"252\" height=\"189\"\/><\/figure>\n<\/div>\n\n<div class=\"wp-block-image\">\n<figure class=\"aligncenter size-large is-resized\"><img loading=\"lazy\" decoding=\"async\" src=\"http:\/\/toestersaenger.de\/wp-content\/uploads\/2020\/11\/grafik-69.png\" alt=\"\" class=\"wp-image-258\" width=\"263\" height=\"197\"\/><\/figure>\n<\/div>\n\n\n<p class=\"has-text-align-center\"><u><strong><span class=\"has-inline-color has-vivid-red-color\">Himmelfahrt 2012<\/span><\/strong> bei den T\u00f6ster S\u00e4ngern<\/u><\/p>\n\n\n\n<p class=\"has-text-align-center\">Am 17.Mai 2012 trafen sich die T\u00f6ster S\u00e4nger zu ihrem nun schon legend\u00e4ren Himmelfahrtausflug. Dieses Mal ging es nach Beckdorf und Sauensiek im Landkreis Stade. Zun\u00e4chst wurde der Beekhoff in Becksdorf besichtigt. Dort erhielten die Sangesbr\u00fcder ineressante und wissenswerte Informationen zu den dortigen alten wiedererrichteten Bauernh\u00e4usern, dem Backhaus, der Remise sowie dem mittelalterlichen Steinwurfger\u00e4t (Blide genannt!) von Herrn Heinbockel. Er f\u00fchrte sie mit viel Sachverstand \u00fcber das Gel\u00e4nde. <\/p>\n\n\n\n<p class=\"has-text-align-center\">Zum Dank sangen ihm die T\u00f6ster S\u00e4nger zum Abschied ein klangvolles St\u00e4ndchen.<\/p>\n\n\n<div class=\"wp-block-image\">\n<figure class=\"alignleft size-large is-resized\"><img loading=\"lazy\" decoding=\"async\" src=\"http:\/\/toestersaenger.de\/wp-content\/uploads\/2020\/11\/grafik-70.png\" alt=\"\" class=\"wp-image-259\" width=\"251\" height=\"189\"\/><\/figure>\n<\/div>\n\n<div class=\"wp-block-image\">\n<figure class=\"aligncenter size-large is-resized\"><img loading=\"lazy\" decoding=\"async\" src=\"http:\/\/toestersaenger.de\/wp-content\/uploads\/2020\/11\/grafik-71.png\" alt=\"\" class=\"wp-image-260\" width=\"233\" height=\"175\"\/><\/figure>\n<\/div>\n\n<div class=\"wp-block-image\">\n<figure class=\"alignright size-large is-resized\"><img loading=\"lazy\" decoding=\"async\" src=\"http:\/\/toestersaenger.de\/wp-content\/uploads\/2020\/11\/grafik-72.png\" alt=\"\" class=\"wp-image-261\" width=\"245\" height=\"184\"\/><\/figure>\n<\/div>\n\n<div class=\"wp-block-image\">\n<figure class=\"aligncenter size-large is-resized\"><img loading=\"lazy\" decoding=\"async\" src=\"http:\/\/toestersaenger.de\/wp-content\/uploads\/2020\/11\/grafik-73.png\" alt=\"\" class=\"wp-image-262\" width=\"239\" height=\"179\"\/><\/figure>\n<\/div>\n\n\n<p class=\"has-text-align-center\">Nach dem gemeinsamen Mittagessen und viel Gesang im Gasthof Klindtworth,<\/p>\n\n\n<div class=\"wp-block-image\">\n<figure class=\"aligncenter size-large is-resized\"><img loading=\"lazy\" decoding=\"async\" src=\"http:\/\/toestersaenger.de\/wp-content\/uploads\/2020\/11\/grafik-74.png\" alt=\"\" class=\"wp-image-263\" width=\"279\" height=\"210\"\/><\/figure>\n<\/div>\n\n\n<p class=\"has-text-align-center\">ging es dann zum Lidberg, welcher sich ebenso wie der Gasthof in der Gemeinde Sauensiek geh\u00f6rt. Mit seinen 65m H\u00f6he ist er der h\u00f6chste Berg (Erhebung!) im Landkreis Stade. Es hat sich aber f\u00fcr alle gelohnt, den 25m hohen Aussichtsturm mit seinen 132 Stufen zu ersteigen.<br>Die S\u00e4nger wurden f\u00fcr ihre M\u00fche mit einer herrlichen Aussicht bis Hamburg-Altona und Zeven entsch\u00e4digt.<br>Dieser Lidberg war ein geographischer Vermessungspunkt von Friedrich Gauss. Wer wei\u00df schon noch, dass auf einem Teil der R\u00fcckseite unseres alten 10,00 DM-Scheins dieser Vermessungspunkt abgebildet war!!!<br>F\u00fcr die T\u00f6ster S\u00e4nger war es ein toller Tag als Gemeinschaft, auch wegen der guten Organisation des 2.Vorsitzenden des Vereins.<\/p>\n\n\n<div class=\"wp-block-image\">\n<figure class=\"aligncenter size-large is-resized\"><img loading=\"lazy\" decoding=\"async\" src=\"http:\/\/toestersaenger.de\/wp-content\/uploads\/2020\/11\/grafik-75.png\" alt=\"\" class=\"wp-image-264\" width=\"331\" height=\"249\"\/><\/figure>\n<\/div>\n\n\n<p class=\"has-text-align-center\">Ebenso werden sich die S\u00e4ngerdamen noch lange an ihren wundersch\u00f6nen, gemeinsamen Ausflug nach Bispingen zum Isarhatsche, dem Heidekastel Montagnetto, dem \u201cNeuschwanstein des Nordens!\u201dund zum Snowdom in Bispingen erinnern.<\/p>\n\n\n\n<p class=\"has-text-align-center\"><u>Singen der T\u00f6ster S\u00e4nger in der <strong><span class=\"has-inline-color has-vivid-red-color\">Weihnachtsb\u00e4ckerei der B\u00e4ckerei Weiss <\/span><\/strong>in Todtgl\u00fcsingen am 4. Dezember 2011<\/u><\/p>\n\n\n\n<p class=\"has-text-align-center\">Am 4.Dezember sangen die T\u00f6ster S\u00e4nger w\u00e4hrend der Weihnachtsb\u00e4ckerei der B\u00e4ckerei Weiss gemeinsam bekannte Weihnachtslieder und wollten mit den G\u00e4sten eigentlich den \u201cGr\u00f6\u00dften Weihnachtschor in der Nordheide!\u201d bilden. Leider hat es diesmal nicht ganz geklappt, aber trotzdem haben alle G\u00e4ste flei\u00dfig mitgesungen. Vielen Dank allen daf\u00fcr!<\/p>\n\n\n<div class=\"wp-block-image\">\n<figure class=\"alignleft size-large is-resized\"><img loading=\"lazy\" decoding=\"async\" src=\"http:\/\/toestersaenger.de\/wp-content\/uploads\/2020\/11\/grafik-76.png\" alt=\"\" class=\"wp-image-266\" width=\"215\" height=\"161\"\/><\/figure>\n<\/div>\n\n<div class=\"wp-block-image\">\n<figure class=\"aligncenter size-large is-resized\"><img loading=\"lazy\" decoding=\"async\" src=\"http:\/\/toestersaenger.de\/wp-content\/uploads\/2020\/11\/grafik-77.png\" alt=\"\" class=\"wp-image-267\" width=\"223\" height=\"168\"\/><\/figure>\n<\/div>\n\n<div class=\"wp-block-image\">\n<figure class=\"aligncenter size-large is-resized\"><img loading=\"lazy\" decoding=\"async\" src=\"http:\/\/toestersaenger.de\/wp-content\/uploads\/2020\/11\/grafik-78.png\" alt=\"\" class=\"wp-image-268\" width=\"215\" height=\"162\"\/><\/figure>\n<\/div>\n\n\n<p><\/p>\n\n\n\n<p class=\"has-text-align-center\"><u>Auftritt der T\u00f6ster S\u00e4nger in<\/u><strong><u> <span class=\"has-inline-color has-vivid-red-color\">\u201cChor in Szene\u201d<\/span> <\/u><\/strong><u>am 11. September 2011, um 15.00 Uhr in der Sch\u00fctzenhalle Tostedt<\/u><\/p>\n\n\n\n<p>Am <span class=\"has-inline-color has-vivid-red-color\">Sonntag dem 11.September<\/span> stellten sich die T\u00f6ster S\u00e4nger den Tostedtern und ihren&nbsp;G\u00e4sten aus dem Umland erstmalig in einer Chorprobe vor. W\u00e4hrend ihrer humorvollen Vorstellung sangen sie in einer \u201cvorgespielten\u201d Chorprobe Volks -und Heimatlieder.&nbsp;&nbsp;&nbsp;&nbsp;&nbsp;&nbsp;&nbsp;&nbsp;&nbsp;&nbsp;&nbsp;<\/p>\n\n\n\n<p>Nach dem Kaffee und Kuchen unterhielten sie ihre G\u00e4ste dann mit Musik und Gesang.<\/p>\n\n\n\n<p>Zu erw\u00e4hnen ist hier ganz besonders unser Sangesbruder Erwin Becker mit seiner Trompete sowie das Alphornbl\u00e4sertrio unter der Leitung von Uwe Bartels, die die Veranstaltung gelungen abrundeten. Allen Mitwirkenden und auch unseren Techniker Herrn Sandow daf\u00fcr herzlichen Dank von den T\u00f6ster S\u00e4ngern.<\/p>\n\n\n<div class=\"wp-block-image\">\n<figure class=\"aligncenter size-large\"><img loading=\"lazy\" decoding=\"async\" width=\"271\" height=\"190\" src=\"http:\/\/toestersaenger.de\/wp-content\/uploads\/2020\/11\/grafik-79.png\" alt=\"\" class=\"wp-image-270\"\/><\/figure>\n<\/div>\n\n\n<p class=\"has-text-align-center\">Die Alphornbl\u00e4ser unter der Leitung von Uwe Bartels beim \u201cChor in Szene\u201d der T\u00f6ster S\u00e4nger am 11.09.11<\/p>\n\n\n<div class=\"wp-block-image\">\n<figure class=\"aligncenter size-large\"><img loading=\"lazy\" decoding=\"async\" width=\"284\" height=\"199\" src=\"http:\/\/toestersaenger.de\/wp-content\/uploads\/2020\/11\/grafik-80.png\" alt=\"\" class=\"wp-image-271\"\/><\/figure>\n<\/div>\n\n\n<p class=\"has-text-align-center\">Die T\u00f6ster S\u00e4nger bei ihrem <span class=\"has-inline-color has-vivid-red-color\">Chorauftritt \u201cChor in Szene\u201d<\/span> am 11.09.11 in der Sch\u00fctzenhalle Tostedt<\/p>\n\n\n\n<p class=\"has-text-align-center\"><u>\u00dcber <span class=\"has-inline-color has-vivid-red-color\"><strong>20j\u00e4hrige Chorfreundschaft <\/strong><\/span>der T\u00f6ster S\u00e4nger mit dem M\u00e4nnergesangverein Flender aus Penig<\/u><\/p>\n\n\n\n<p class=\"has-text-align-center\">Vom <span class=\"has-inline-color has-vivid-red-color\"><strong>2. Juni bis zum 5.Juni<\/strong> <strong>2011<\/strong><\/span> fuhren die T\u00f6ster S\u00e4nger mit ihren S\u00e4ngerfrauen zum Chortreffen nach Sachsen, um sich dort mit ihren langj\u00e4hrigen Chorfreunden, dem M\u00e4nnergesangverein Flender aus Penig zu treffen, und um mit ihnen die Tage \u00fcber Himmelfahrt zu verbringen. Nach einem \u00fcberaus herzlichen Empfang bewirteten uns die Flender S\u00e4ngerfrauen und es wurden gemeinsam viele Lieder gesungen und alte Erinnerungen ausgetauscht.<\/p>\n\n\n<div class=\"wp-block-image\">\n<figure class=\"aligncenter size-large\"><img loading=\"lazy\" decoding=\"async\" width=\"284\" height=\"199\" src=\"http:\/\/toestersaenger.de\/wp-content\/uploads\/2020\/11\/grafik-81.png\" alt=\"\" class=\"wp-image-272\"\/><\/figure>\n<\/div>\n\n\n<p class=\"has-text-align-center\">Chortreffen der T\u00f6ster S\u00e4nger mit den Flender S\u00e4ngern und ihren Frauen in Penig vom 2.-5.Juni 2011<\/p>\n\n\n\n<p class=\"has-text-align-center\">Am<u> 26.November 2011<\/u> veranstalteten die <u>T\u00f6ster S\u00e4nger gemeinsam mit den Estetaler Musikanten<\/u> ihr nun schon traditionelles <u><span class=\"has-inline-color has-vivid-red-color\"><strong>Adventssingen<\/strong><\/span> in der ev. Johanneskirche Tostedt<\/u><\/p>\n\n\n<div class=\"wp-block-image\">\n<figure class=\"alignright size-large\"><img loading=\"lazy\" decoding=\"async\" width=\"240\" height=\"180\" src=\"http:\/\/toestersaenger.de\/wp-content\/uploads\/2020\/11\/grafik-83.png\" alt=\"\" class=\"wp-image-274\"\/><\/figure>\n<\/div>\n\n\n<figure class=\"wp-block-image size-large\"><img loading=\"lazy\" decoding=\"async\" width=\"239\" height=\"177\" src=\"http:\/\/toestersaenger.de\/wp-content\/uploads\/2020\/11\/grafik-82.png\" alt=\"\" class=\"wp-image-273\"\/><\/figure>\n\n\n\n<p class=\"has-text-align-center\"><u><strong><span class=\"has-inline-color has-vivid-red-color\">Adventsfeier<\/span><\/strong> der T\u00f6ster S\u00e4nger mit ihren Frauen und G\u00e4sten am 16.Dezember 2011 im Gasthaus Wiechern<\/u><\/p>\n\n\n\n<p>Am <span class=\"has-inline-color has-vivid-red-color\">Freitagabend, den 16.Dezember<\/span> veranstalteten die T\u00f6ster S\u00e4nger mit ihren Frauen und geladenen G\u00e4sten, wie schon viele Jahre zuvor, ihre nun schon traditionelle Adventsfeier im Gasthaus Wiechern. Es wurde \u00fcber die Ereignisse und Auftritte im S\u00e4ngerjahr 2011 gesprochen und allen Beteiligten, Organisatoren und Mitwirkenden S\u00e4ngern und Frauen ein gro\u00dfes Dankesch\u00f6n des Vereins ausgesprochen. Es gab ein leckeres Buffett, viel Gesang und es wurden lustigen Geschichten zum Besten gegeben. Der Adventabend klang mit z\u00fcnftigen Weihnachtsliedern und vielen guten W\u00fcnschen f\u00fcr die Feiertage und f\u00fcr das neue Jahr aus.<\/p>\n\n\n<div class=\"wp-block-image\">\n<figure class=\"alignleft size-large is-resized\"><img loading=\"lazy\" decoding=\"async\" src=\"http:\/\/toestersaenger.de\/wp-content\/uploads\/2020\/11\/grafik-84.png\" alt=\"\" class=\"wp-image-275\" width=\"273\" height=\"205\"\/><\/figure>\n<\/div>\n\n\n<figure class=\"wp-block-image size-large is-resized\"><img loading=\"lazy\" decoding=\"async\" src=\"http:\/\/toestersaenger.de\/wp-content\/uploads\/2020\/11\/grafik-85.png\" alt=\"\" class=\"wp-image-276\" width=\"278\" height=\"209\"\/><\/figure>\n\n\n\n<p class=\"has-text-align-center\"><span style=\"text-decoration: underline;\">Die T\u00f6ster S\u00e4nger bei ihrer <strong><span class=\"has-inline-color has-vivid-red-color\">Weihnachts-CD-Aufnahme<\/span><\/strong> 2010 in Winsen<\/span><\/p>\n\n\n<div class=\"wp-block-image\">\n<figure class=\"aligncenter size-large is-resized\"><img loading=\"lazy\" decoding=\"async\" src=\"http:\/\/toestersaenger.de\/wp-content\/uploads\/2020\/11\/grafik-106.png\" alt=\"\" class=\"wp-image-336\" width=\"301\" height=\"225\" srcset=\"https:\/\/toestersaenger.de\/wp-content\/uploads\/2020\/11\/grafik-106.png 605w, https:\/\/toestersaenger.de\/wp-content\/uploads\/2020\/11\/grafik-106-300x225.png 300w, https:\/\/toestersaenger.de\/wp-content\/uploads\/2020\/11\/grafik-106-555x416.png 555w\" sizes=\"auto, (max-width: 301px) 100vw, 301px\" \/><\/figure>\n<\/div>\n\n\n<p class=\"has-text-align-center\"><span style=\"text-decoration: underline;\">Die T\u00f6ster S\u00e4nger mit ihren Frauen 2010 bei ihre <strong><span class=\"has-inline-color has-vivid-red-color\">Schwarzwaldausfahrt <\/span><\/strong>in Strasburg vor dem EU-Parlament.<\/span><\/p>\n\n\n<div class=\"wp-block-image\">\n<figure class=\"alignleft size-large is-resized\"><img loading=\"lazy\" decoding=\"async\" src=\"http:\/\/toestersaenger.de\/wp-content\/uploads\/2020\/11\/grafik-107.png\" alt=\"\" class=\"wp-image-339\" width=\"247\" height=\"185\" srcset=\"https:\/\/toestersaenger.de\/wp-content\/uploads\/2020\/11\/grafik-107.png 604w, https:\/\/toestersaenger.de\/wp-content\/uploads\/2020\/11\/grafik-107-300x225.png 300w, https:\/\/toestersaenger.de\/wp-content\/uploads\/2020\/11\/grafik-107-555x416.png 555w\" sizes=\"auto, (max-width: 247px) 100vw, 247px\" \/><\/figure>\n<\/div>\n\n\n<figure class=\"wp-block-image size-large is-resized\"><img loading=\"lazy\" decoding=\"async\" src=\"http:\/\/toestersaenger.de\/wp-content\/uploads\/2020\/11\/grafik-108.png\" alt=\"\" class=\"wp-image-340\" width=\"253\" height=\"190\" srcset=\"https:\/\/toestersaenger.de\/wp-content\/uploads\/2020\/11\/grafik-108.png 603w, https:\/\/toestersaenger.de\/wp-content\/uploads\/2020\/11\/grafik-108-300x225.png 300w, https:\/\/toestersaenger.de\/wp-content\/uploads\/2020\/11\/grafik-108-555x416.png 555w\" sizes=\"auto, (max-width: 253px) 100vw, 253px\" \/><\/figure>\n\n\n\n<p><\/p>\n\n\n<div class=\"wp-block-image\">\n<figure class=\"alignleft size-large is-resized\"><img loading=\"lazy\" decoding=\"async\" src=\"http:\/\/toestersaenger.de\/wp-content\/uploads\/2020\/11\/grafik-109.png\" alt=\"\" class=\"wp-image-341\" width=\"265\" height=\"198\" srcset=\"https:\/\/toestersaenger.de\/wp-content\/uploads\/2020\/11\/grafik-109.png 604w, https:\/\/toestersaenger.de\/wp-content\/uploads\/2020\/11\/grafik-109-300x225.png 300w, https:\/\/toestersaenger.de\/wp-content\/uploads\/2020\/11\/grafik-109-555x416.png 555w\" sizes=\"auto, (max-width: 265px) 100vw, 265px\" \/><\/figure>\n<\/div>\n\n\n<figure class=\"wp-block-image size-large is-resized\"><img loading=\"lazy\" decoding=\"async\" src=\"http:\/\/toestersaenger.de\/wp-content\/uploads\/2020\/11\/grafik-110.png\" alt=\"\" class=\"wp-image-342\" width=\"269\" height=\"202\" srcset=\"https:\/\/toestersaenger.de\/wp-content\/uploads\/2020\/11\/grafik-110.png 604w, https:\/\/toestersaenger.de\/wp-content\/uploads\/2020\/11\/grafik-110-300x225.png 300w, https:\/\/toestersaenger.de\/wp-content\/uploads\/2020\/11\/grafik-110-555x416.png 555w\" sizes=\"auto, (max-width: 269px) 100vw, 269px\" \/><\/figure>\n\n\n\n<p><\/p>\n","protected":false},"excerpt":{"rendered":"<p>Hier finden Sie Fotos und Informationen zu unserem Verein. Die T\u00f6ster S\u00e4nger haben seit dem 1. April 2023 eine neue Chorleitung und im Vorstand wieder einen neuen Schriftf\u00fchrer (Lothar Schlaack 1.Vors., Koos Lockhorst Kassenwart, Mark Naujoks Schriftf\u00fchrer, Ralf Lehnert Chorleiter, KLaus-Henning Becker 2.Vors.) Auftritt der T\u00f6ster S\u00e4nger beim Bezirkschorfest des Chorbezirkes Buchholz\/Nordheide auf dem Hof &hellip; <\/p>\n<p><a class=\"more-link btn\" href=\"https:\/\/toestersaenger.de\/?page_id=180\">Weiterlesen<\/a><\/p>\n","protected":false},"author":1,"featured_media":0,"parent":0,"menu_order":0,"comment_status":"closed","ping_status":"closed","template":"","meta":{"footnotes":""},"class_list":["post-180","page","type-page","status-publish","hentry","nodate","item-wrap"],"_links":{"self":[{"href":"https:\/\/toestersaenger.de\/index.php?rest_route=\/wp\/v2\/pages\/180","targetHints":{"allow":["GET"]}}],"collection":[{"href":"https:\/\/toestersaenger.de\/index.php?rest_route=\/wp\/v2\/pages"}],"about":[{"href":"https:\/\/toestersaenger.de\/index.php?rest_route=\/wp\/v2\/types\/page"}],"author":[{"embeddable":true,"href":"https:\/\/toestersaenger.de\/index.php?rest_route=\/wp\/v2\/users\/1"}],"replies":[{"embeddable":true,"href":"https:\/\/toestersaenger.de\/index.php?rest_route=%2Fwp%2Fv2%2Fcomments&post=180"}],"version-history":[{"count":101,"href":"https:\/\/toestersaenger.de\/index.php?rest_route=\/wp\/v2\/pages\/180\/revisions"}],"predecessor-version":[{"id":852,"href":"https:\/\/toestersaenger.de\/index.php?rest_route=\/wp\/v2\/pages\/180\/revisions\/852"}],"wp:attachment":[{"href":"https:\/\/toestersaenger.de\/index.php?rest_route=%2Fwp%2Fv2%2Fmedia&parent=180"}],"curies":[{"name":"wp","href":"https:\/\/api.w.org\/{rel}","templated":true}]}}