{"id":82,"date":"2020-10-30T17:01:11","date_gmt":"2020-10-30T17:01:11","guid":{"rendered":"http:\/\/toestersaenger.de\/?page_id=82"},"modified":"2026-03-25T09:20:20","modified_gmt":"2026-03-25T09:20:20","slug":"termine-und-veranstaltungen","status":"publish","type":"page","link":"https:\/\/toestersaenger.de\/?page_id=82","title":{"rendered":"Termine S\u00e4ngerjahr 2026\/2027"},"content":{"rendered":"\n<p><\/p>\n\n\n\n<p><strong><span style=\"text-decoration: underline;\">Do.- 12. Febuar 2026, 19.00 Uhr:<\/span>&nbsp;&nbsp;<mark style=\"background-color:rgba(0, 0, 0, 0)\" class=\"has-inline-color has-vivid-red-color\">Jahreshauptversammlung<\/mark> der T\u00f6ster S\u00e4nger <mark style=\"background-color:rgba(0, 0, 0, 0)\" class=\"has-inline-color has-vivid-red-color\">im Proberaum im Herbergsverein Tostedt.<\/mark> <\/strong><\/p>\n\n\n\n<p><strong><span style=\"text-decoration: underline;\">Fr.- 27. Februar 2026,19.00 Uhr:<\/span>   <mark style=\"background-color:rgba(0, 0, 0, 0)\" class=\"has-inline-color has-vivid-red-color\">1. erw. Vorstandssitzung <\/mark>der T\u00f6ster S\u00e4nger <mark style=\"background-color:rgba(0, 0, 0, 0)\" class=\"has-inline-color has-vivid-red-color\">im Herbergsverein Tostedt<\/mark>. <span style=\"text-decoration: underline;\"><\/span><\/strong><\/p>\n\n\n\n<p><strong><span style=\"text-decoration: underline;\">So.- 26. April 2026, 15.00 Uhr:<\/span>   <mark style=\"background-color:rgba(0, 0, 0, 0)\" class=\"has-inline-color has-vivid-red-color\">Bingonachmittag<\/mark> der T\u00f6ster S\u00e4nger mit S\u00e4ngerfrauen und G\u00e4sten <mark style=\"background-color:rgba(0, 0, 0, 0)\" class=\"has-inline-color has-vivid-red-color\">im Heidekrug in H\u00f6ckel<\/mark>.<\/strong><\/p>\n\n\n\n<p><strong> <span style=\"text-decoration: underline;\">Do.- 7. Mai  2026, 19.30 Uhr:<\/span><\/strong> <strong><mark style=\"background-color:rgba(0, 0, 0, 0)\" class=\"has-inline-color has-vivid-red-color\">Offene Chorprobe<\/mark> der T\u00f6ster S\u00e4nger im Herbergsverein Tostedt.<\/strong><\/p>\n\n\n\n<p><strong><span style=\"text-decoration: underline;\">Do.- 14. Mai 2026, 08.30 &#8211; 17.00 Uhr:<\/span>   <mark style=\"background-color:rgba(0, 0, 0, 0)\" class=\"has-inline-color has-vivid-red-color\">Ausfahrt der T\u00f6ster S\u00e4nger am Himmelfahrtstag.<\/mark>&#8211; mit Besichtigungen, Gesang und Mittagessen<\/strong>.<\/p>\n\n\n\n<p> <strong><span style=\"text-decoration: underline;\">Sa.- 13. Juni 2026, 10.00 &#8211; 13.00 Uhr<\/span>:  <strong><mark style=\"background-color:rgba(0, 0, 0, 0)\" class=\"has-inline-color has-vivid-red-color\">Chorsamstag<\/mark><\/strong> mit Stimmbildung und Vorbereitung auf die &#8222;Fe&#8217;te de la Musique&#8220;<\/strong> <strong><mark style=\"background-color:rgba(0, 0, 0, 0)\" class=\"has-inline-color has-vivid-red-color\">im Herbergsverein Tostedt<\/mark>.<\/strong><\/p>\n\n\n\n<p><strong><span style=\"text-decoration: underline;\">So.- 21. Juni 2026, 17.00 :<\/span><\/strong> <strong>Teilnahme der T\u00f6ster S\u00e4nger an der  <mark style=\"background-color:rgba(0, 0, 0, 0)\" class=\"has-inline-color has-vivid-red-color\"> &#8222;Fete de la Musique&#8220; <\/mark>in Tostedt<mark style=\"background-color:rgba(0, 0, 0, 0)\" class=\"has-inline-color has-vivid-red-color\"><strong><strong><mark style=\"background-color:rgba(0, 0, 0, 0);color:#4b2ed1\" class=\"has-inline-color\"><u><strong>und Auftritt in und um der ev. Johanneskirche Tostedt .<\/strong><\/u><\/mark><\/strong><\/strong><\/mark><\/strong><\/p>\n\n\n\n<p><strong><span style=\"text-decoration: underline;\">Do.- 2. Juli 2026, 19.20 Uhr: <\/span>  <mark style=\"background-color:rgba(0, 0, 0, 0)\" class=\"has-inline-color has-vivid-red-color\">Letzte Chorprobe <\/mark>der T\u00f6ster S\u00e4nger vor der Sommerpause<mark style=\"background-color:rgba(0, 0, 0, 0)\" class=\"has-inline-color has-vivid-red-color\"> im Herbergsverein Tostedt <\/mark><mark style=\"background-color:rgba(0, 0, 0, 0)\" class=\"has-inline-color has-vivid-cyan-blue-color\">(mit Grillen)<\/mark><mark style=\"background-color:rgba(0, 0, 0, 0)\" class=\"has-inline-color has-luminous-vivid-orange-color\">. <\/mark><\/strong><\/p>\n\n\n\n<p class=\"has-regular-font-size\"><mark style=\"background-color:rgba(0, 0, 0, 0);color:#15a300\" class=\"has-inline-color\"><strong>Sommerpause der T\u00f6ster S\u00e4nger vom 3. Juli bis zum 12. August 2026<\/strong><\/mark><\/p>\n\n\n\n<p><strong><span style=\"text-decoration: underline;\">Do.- 13. August 2026, 19.20 Uhr:<\/span>  <mark style=\"background-color:rgba(0, 0, 0, 0)\" class=\"has-inline-color has-vivid-red-color\">1. Chorprobe<\/mark> der T\u00f6ster S\u00e4nger nach der Sommerpause <mark style=\"background-color:rgba(0, 0, 0, 0)\" class=\"has-inline-color has-vivid-red-color\">im Herbergsverein Tostedt.<\/mark> <\/strong><\/p>\n\n\n\n<p><strong><span style=\"text-decoration: underline;\">Fr.- 25. September 2026, 19.00 Uhr:<\/span> <mark style=\"background-color:rgba(0, 0, 0, 0)\" class=\"has-inline-color has-vivid-red-color\">2. erw. Vorstandssitzung <\/mark>der T\u00f6ster S\u00e4nger <mark style=\"background-color:rgba(0, 0, 0, 0)\" class=\"has-inline-color has-vivid-red-color\">im Herbergsverein Tostedt.<\/mark> <\/strong><\/p>\n\n\n\n<p><strong><span style=\"text-decoration: underline;\">So.- 13. September 2026, 10.00 Uhr:<\/span>  <mark style=\"background-color:rgba(0, 0, 0, 0)\" class=\"has-inline-color has-vivid-red-color\">Bosseln<\/mark> der T\u00f6ster S\u00e4nger mit S\u00e4ngerfrauen und G\u00e4sten in Gro\u00df Todtshorn mit anschlie\u00dfendem Mittagessen und Gesang <mark style=\"background-color:rgba(0, 0, 0, 0)\" class=\"has-inline-color has-vivid-red-color\">im Heidekrug in H\u00f6ckel<\/mark>.<\/strong><\/p>\n\n\n\n<p><strong><span style=\"text-decoration: underline;\">Sa.- 14. November 2026, 10.00 &#8211; 15.00 Uhr:<\/span>   <mark style=\"background-color:rgba(0, 0, 0, 0)\" class=\"has-inline-color has-vivid-red-color\">Chorsamstag mit Mittagessen<\/mark> zur Vorbereitung des Adventssingen <mark style=\"background-color:rgba(0, 0, 0, 0)\" class=\"has-inline-color has-vivid-red-color\">im Herbergsverein Tostedt.<\/mark><\/strong><\/p>\n\n\n\n<p><strong><span style=\"text-decoration: underline;\">So.- 15. November 2026, 11.15 Uhr:<\/span>  <mark style=\"background-color:rgba(0, 0, 0, 0)\" class=\"has-inline-color has-vivid-red-color\">Singen zum Volkstrauertag<\/mark> in der ev. Johanneskirche in Tostedt. <span style=\"text-decoration: underline;\">Treffen zum Einsingen<\/span>: <mark style=\"background-color:rgba(0, 0, 0, 0)\" class=\"has-inline-color has-vivid-red-color\">11.00 Uhr in der Kirche.<\/mark><\/strong><\/p>\n\n\n\n<p><strong><span style=\"text-decoration: underline;\">Do.- 26. November 2026, 18.00 Uhr: <\/span> <mark style=\"background-color:rgba(0, 0, 0, 0)\" class=\"has-inline-color has-vivid-red-color\"> Generalprobe<\/mark> der T\u00f6ster S\u00e4nger und aller Mitwirkenden f\u00fcr das Adventssingen der T\u00f6ster S\u00e4nger <mark style=\"background-color:rgba(0, 0, 0, 0)\" class=\"has-inline-color has-vivid-red-color\">in der ev. Johanneskirche Tostedt.<\/mark><\/strong><\/p>\n\n\n\n<p><span style=\"text-decoration: underline;\"><strong>S<\/strong><\/span><strong><span style=\"text-decoration: underline;\">a.- 28. November 2026, 17.00 Uhr:<\/span>   <mark style=\"background-color:rgba(0, 0, 0, 0)\" class=\"has-inline-color has-vivid-red-color\">Adventssingen<\/mark> der T\u00f6ster S\u00e4nger und anderer Mitwirkender in der ev. Johanneskirche in Tostedt. <span style=\"text-decoration: underline;\">Treffen zum Einsingen: <\/span>16.00 Uhr<mark style=\"background-color:rgba(0, 0, 0, 0)\" class=\"has-inline-color has-vivid-red-color\"> im Gemeindesaal.<\/mark><\/strong><\/p>\n\n\n\n<p><span style=\"text-decoration: underline;\"><strong>Do.- 17. Dez. 2026, 18.00 Uhr:<\/strong><\/span><strong> <\/strong>&nbsp;<strong>Gemeinsame <mark style=\"background-color:rgba(0, 0, 0, 0);color:#15a300\" class=\"has-inline-color\">Weihnachtsfeier der T\u00f6ster S\u00e4nger<\/mark> mit den S\u00e4ngerfrauen und G\u00e4sten<mark style=\"background-color:rgba(0, 0, 0, 0)\" class=\"has-inline-color has-vivid-red-color\">im Hotel\/Restaurant &#8222;Heidenauer Hof&#8220; in Heidenau.<\/mark><\/strong><\/p>\n\n\n\n<p class=\"has-text-align-left\"><strong><mark style=\"background-color:rgba(0, 0, 0, 0);color:#4b2ed1\" class=\"has-inline-color\"><u><strong>Winterpause der T\u00f6ster S\u00e4nger vom <\/strong>18. Dezember 2026  bis 6. Januar 2027<\/u><\/mark><\/strong><\/p>\n\n\n\n<p><strong><span style=\"text-decoration: underline;\">So.- 3. Jan. 2027, 10.00 &#8211; 12.30 Uhr:&nbsp;<\/span>&nbsp; <mark style=\"background-color:rgba(0, 0, 0, 0)\" class=\"has-inline-color has-vivid-red-color\">Neujahrsfr\u00fchst\u00fcck <\/mark>der T\u00f6ster S\u00e4nger mit S\u00e4ngerfrauen und G\u00e4sten<mark style=\"background-color:rgba(0, 0, 0, 0)\" class=\"has-inline-color has-vivid-red-color\"> im Restaurant ???<\/mark><\/strong><\/p>\n\n\n\n<p><strong><mark style=\"background-color:rgba(0, 0, 0, 0)\" class=\"has-inline-color has-black-color\"><span style=\"text-decoration: underline;\">Do.- 7. Januar 2027, 19.20 Uhr:<\/span> <\/mark> <mark style=\"background-color:rgba(0, 0, 0, 0)\" class=\"has-inline-color has-vivid-red-color\"> 1. Chorprobe<\/mark> nach der Winterpause <mark style=\"background-color:rgba(0, 0, 0, 0)\" class=\"has-inline-color has-vivid-red-color\">im Herbergsverein Tostedt.<\/mark><\/strong><\/p>\n\n\n\n<p><strong><span style=\"text-decoration: underline;\">Fr.- 8. Januar 2027, 17.00 Uhr:<\/span>   <mark style=\"background-color:rgba(0, 0, 0, 0)\" class=\"has-inline-color has-vivid-red-color\">3. erw. Vorstandssitzung<\/mark> der T\u00f6ster S\u00e4nger <mark style=\"background-color:rgba(0, 0, 0, 0)\" class=\"has-inline-color has-vivid-red-color\">im Herbergsverein Tostedt<\/mark>.<\/strong><\/p>\n\n\n\n<p><strong><span style=\"text-decoration: underline;\">Do.- 28. Januar 2027, 19.00 Uhr:<\/span>&nbsp;&nbsp;<mark style=\"background-color:rgba(0, 0, 0, 0)\" class=\"has-inline-color has-vivid-red-color\">Jahreshauptversammlung<\/mark> der T\u00f6ster S\u00e4nger <mark style=\"background-color:rgba(0, 0, 0, 0)\" class=\"has-inline-color has-vivid-red-color\">im Herbergsverein Tostedt.<\/mark><\/strong><\/p>\n\n\n\n<p><\/p>\n","protected":false},"excerpt":{"rendered":"<p>Do.- 12. Febuar 2026, 19.00 Uhr:&nbsp;&nbsp;Jahreshauptversammlung der T\u00f6ster S\u00e4nger im Proberaum im Herbergsverein Tostedt. Fr.- 27. Februar 2026,19.00 Uhr: 1. erw. Vorstandssitzung der T\u00f6ster S\u00e4nger im Herbergsverein Tostedt. So.- 26. April 2026, 15.00 Uhr: Bingonachmittag der T\u00f6ster S\u00e4nger mit S\u00e4ngerfrauen und G\u00e4sten im Heidekrug in H\u00f6ckel. Do.- 7. Mai 2026, 19.30 Uhr: Offene Chorprobe der &hellip; <\/p>\n<p><a class=\"more-link btn\" href=\"https:\/\/toestersaenger.de\/?page_id=82\">Weiterlesen<\/a><\/p>\n","protected":false},"author":1,"featured_media":0,"parent":0,"menu_order":0,"comment_status":"closed","ping_status":"closed","template":"","meta":{"footnotes":""},"class_list":["post-82","page","type-page","status-publish","hentry","nodate","item-wrap"],"_links":{"self":[{"href":"https:\/\/toestersaenger.de\/index.php?rest_route=\/wp\/v2\/pages\/82","targetHints":{"allow":["GET"]}}],"collection":[{"href":"https:\/\/toestersaenger.de\/index.php?rest_route=\/wp\/v2\/pages"}],"about":[{"href":"https:\/\/toestersaenger.de\/index.php?rest_route=\/wp\/v2\/types\/page"}],"author":[{"embeddable":true,"href":"https:\/\/toestersaenger.de\/index.php?rest_route=\/wp\/v2\/users\/1"}],"replies":[{"embeddable":true,"href":"https:\/\/toestersaenger.de\/index.php?rest_route=%2Fwp%2Fv2%2Fcomments&post=82"}],"version-history":[{"count":89,"href":"https:\/\/toestersaenger.de\/index.php?rest_route=\/wp\/v2\/pages\/82\/revisions"}],"predecessor-version":[{"id":938,"href":"https:\/\/toestersaenger.de\/index.php?rest_route=\/wp\/v2\/pages\/82\/revisions\/938"}],"wp:attachment":[{"href":"https:\/\/toestersaenger.de\/index.php?rest_route=%2Fwp%2Fv2%2Fmedia&parent=82"}],"curies":[{"name":"wp","href":"https:\/\/api.w.org\/{rel}","templated":true}]}}